{"id":1839,"date":"2025-03-10T00:55:26","date_gmt":"2025-03-10T00:55:26","guid":{"rendered":"https:\/\/www.iscap.pt\/conferencias\/XI-EDICIC25\/?page_id=1839"},"modified":"2025-03-10T15:21:50","modified_gmt":"2025-03-10T15:21:50","slug":"politica-de-privacidad","status":"publish","type":"page","link":"https:\/\/www.iscap.pt\/conferencias\/XI-EDICIC25\/es\/politica-de-privacidad\/","title":{"rendered":"Pol\u00edtica de Privacidad"},"content":{"rendered":"\n<div style=\"height:50px\" aria-hidden=\"true\" class=\"wp-block-spacer\"><\/div>\n\n\n\n<p class=\"has-palette-color-4-color has-text-color has-link-color wp-elements-e6eb812092bce276d8b76008422bb8d4\">El comit\u00e9 organizador del <strong>XI Encuentro Ib\u00e9rico EDICIC<\/strong> es la entidad responsable de esta pol\u00edtica de privacidad y, por tanto, de la recogida y tratamiento de los datos personales y curriculares, que recoger\u00e1 y tratar\u00e1 en el marco de este evento, y en funci\u00f3n de las comunicaciones e inscripciones que se realicen, por ser imprescindibles para tal fin.<\/p>\n\n\n\n<p>En ning\u00fan caso se solicitar\u00e1 otro tipo de informaci\u00f3n.<\/p>\n\n\n\n<p><strong>\u00bfCU\u00c1NDO Y C\u00d3MO RECOGEMOS SUS DATOS?<\/strong><\/p>\n\n\n\n<p>Los datos personales pueden recogerse por correo electr\u00f3nico, formularios de registro y env\u00edos.<\/p>\n\n\n\n<p>Algunos datos personales son necesarios para cumplir los objetivos de participaci\u00f3n en el <strong>XI Encuentro Ib\u00e9rico EDICIC<\/strong> y, si estos datos faltan o son insuficientes, es posible que el comit\u00e9 organizador no pueda proceder con las inscripciones o env\u00edos, por lo que le rogamos que rellene todos los campos obligatorios.<\/p>\n\n\n\n<p>Los datos personales recogidos son objeto de tratamiento inform\u00e1tico y de estricto cumplimiento de la legislaci\u00f3n en materia de protecci\u00f3n de datos, se almacenan en una base de datos espec\u00edfica creada al efecto y, en ning\u00fan caso, los datos recogidos ser\u00e1n utilizados para fines distintos de aquellos para los que el interesado haya dado su consentimiento.<\/p>\n\n\n\n<p>Si desea m\u00e1s informaci\u00f3n sobre nuestra pol\u00edtica de privacidad, modificar\/actualizar sus datos, o eliminarlos de nuestra base de datos, p\u00f3ngase en contacto con nosotros en:<\/p>\n\n\n\n<p><strong>Instituto Superior de Contabilidade e Administra\u00e7\u00e3o do Porto<\/strong><br>Rua Jaime Lopes Amorim, s\/n<br>4465-004, S\u00e3o Mamede de Infesta<br>T. +351 22 905 00 00<\/p>\n\n\n\n<p><strong>XI Encuentro Ib\u00e9rico EDICIC<\/strong> &#8211; <strong>Presidencia General<\/strong>:<\/p>\n\n\n\n<p>Milena de Carvalho (PhD)<br><a href=\"mailto:milenacarvalho@iscap.ipp.pt\">milenacarvalho@iscap.ipp.pt<\/a><\/p>\n\n\n\n<p><\/p>\n","protected":false},"excerpt":{"rendered":"<p>El comit\u00e9 organizador del XI Encuentro Ib\u00e9rico EDICIC es la entidad responsable de esta pol\u00edtica de privacidad y, por tanto, de la recogida y tratamiento de los datos personales y curriculares, que recoger\u00e1 y tratar\u00e1 en el marco de este evento, y en funci\u00f3n de las comunicaciones e inscripciones que se realicen, por ser imprescindibles [&hellip;]<\/p>\n","protected":false},"author":1,"featured_media":1547,"parent":0,"menu_order":0,"comment_status":"closed","ping_status":"closed","template":"","meta":{"footnotes":""},"class_list":["post-1839","page","type-page","status-publish","has-post-thumbnail","hentry"],"blocksy_meta":{"styles_descriptor":{"styles":{"desktop":"","tablet":"","mobile":""},"google_fonts":[],"version":6}},"yoast_head":"<!-- This site is optimized with the Yoast SEO plugin v27.1.1 - https:\/\/yoast.com\/product\/yoast-seo-wordpress\/ -->\n<title>Pol\u00edtica de Privacidad - XI EDICIC Ib\u00e9rico 2025<\/title>\n<meta name=\"robots\" content=\"index, follow, max-snippet:-1, max-image-preview:large, max-video-preview:-1\" \/>\n<link rel=\"canonical\" href=\"https:\/\/www.iscap.pt\/conferencias\/XI-EDICIC25\/es\/politica-de-privacidad\/\" \/>\n<meta property=\"og:locale\" content=\"pt_PT\" \/>\n<meta property=\"og:type\" content=\"article\" \/>\n<meta property=\"og:title\" content=\"Pol\u00edtica de Privacidad - XI EDICIC Ib\u00e9rico 2025\" \/>\n<meta property=\"og:description\" content=\"El comit\u00e9 organizador del XI Encuentro Ib\u00e9rico EDICIC es la entidad responsable de esta pol\u00edtica de privacidad y, por tanto, de la recogida y tratamiento de los datos personales y curriculares, que recoger\u00e1 y tratar\u00e1 en el marco de este evento, y en funci\u00f3n de las comunicaciones e inscripciones que se realicen, por ser imprescindibles [&hellip;]\" \/>\n<meta property=\"og:url\" content=\"https:\/\/www.iscap.pt\/conferencias\/XI-EDICIC25\/es\/politica-de-privacidad\/\" \/>\n<meta property=\"og:site_name\" content=\"XI EDICIC Ib\u00e9rico 2025\" \/>\n<meta property=\"article:publisher\" content=\"https:\/\/www.facebook.com\/EdicicOficial\" \/>\n<meta property=\"article:modified_time\" content=\"2025-03-10T15:21:50+00:00\" \/>\n<meta property=\"og:image\" content=\"https:\/\/www.iscap.pt\/conferencias\/XI-EDICIC25\/wp-content\/uploads\/2025\/02\/aperture-vintage-ELUPiavf5aU-unsplash.jpg\" \/>\n\t<meta property=\"og:image:width\" content=\"2400\" \/>\n\t<meta property=\"og:image:height\" content=\"1600\" \/>\n\t<meta property=\"og:image:type\" content=\"image\/jpeg\" \/>\n<meta name=\"twitter:card\" content=\"summary_large_image\" \/>\n<meta name=\"twitter:site\" content=\"@EDICIC_OFICIAL\" \/>\n<meta name=\"twitter:label1\" content=\"Est. reading time\" \/>\n\t<meta name=\"twitter:data1\" content=\"2 minutos\" \/>\n<script type=\"application\/ld+json\" class=\"yoast-schema-graph\">{\"@context\":\"https:\/\/schema.org\",\"@graph\":[{\"@type\":\"WebPage\",\"@id\":\"https:\/\/www.iscap.pt\/conferencias\/XI-EDICIC25\/es\/politica-de-privacidad\/\",\"url\":\"https:\/\/www.iscap.pt\/conferencias\/XI-EDICIC25\/es\/politica-de-privacidad\/\",\"name\":\"Pol\u00edtica de Privacidad - XI EDICIC Ib\u00e9rico 2025\",\"isPartOf\":{\"@id\":\"https:\/\/www.iscap.pt\/conferencias\/XI-EDICIC25\/#website\"},\"primaryImageOfPage\":{\"@id\":\"https:\/\/www.iscap.pt\/conferencias\/XI-EDICIC25\/es\/politica-de-privacidad\/#primaryimage\"},\"image\":{\"@id\":\"https:\/\/www.iscap.pt\/conferencias\/XI-EDICIC25\/es\/politica-de-privacidad\/#primaryimage\"},\"thumbnailUrl\":\"https:\/\/www.iscap.pt\/conferencias\/XI-EDICIC25\/wp-content\/uploads\/2025\/02\/aperture-vintage-ELUPiavf5aU-unsplash.jpg\",\"datePublished\":\"2025-03-10T00:55:26+00:00\",\"dateModified\":\"2025-03-10T15:21:50+00:00\",\"breadcrumb\":{\"@id\":\"https:\/\/www.iscap.pt\/conferencias\/XI-EDICIC25\/es\/politica-de-privacidad\/#breadcrumb\"},\"inLanguage\":\"pt-PT\",\"potentialAction\":[{\"@type\":\"ReadAction\",\"target\":[\"https:\/\/www.iscap.pt\/conferencias\/XI-EDICIC25\/es\/politica-de-privacidad\/\"]}]},{\"@type\":\"ImageObject\",\"inLanguage\":\"pt-PT\",\"@id\":\"https:\/\/www.iscap.pt\/conferencias\/XI-EDICIC25\/es\/politica-de-privacidad\/#primaryimage\",\"url\":\"https:\/\/www.iscap.pt\/conferencias\/XI-EDICIC25\/wp-content\/uploads\/2025\/02\/aperture-vintage-ELUPiavf5aU-unsplash.jpg\",\"contentUrl\":\"https:\/\/www.iscap.pt\/conferencias\/XI-EDICIC25\/wp-content\/uploads\/2025\/02\/aperture-vintage-ELUPiavf5aU-unsplash.jpg\",\"width\":2400,\"height\":1600,\"caption\":\"XI EDICIC Ib\u00e9rico\"},{\"@type\":\"BreadcrumbList\",\"@id\":\"https:\/\/www.iscap.pt\/conferencias\/XI-EDICIC25\/es\/politica-de-privacidad\/#breadcrumb\",\"itemListElement\":[{\"@type\":\"ListItem\",\"position\":1,\"name\":\"In\u00edcio\",\"item\":\"https:\/\/www.iscap.pt\/conferencias\/XI-EDICIC25\/\"},{\"@type\":\"ListItem\",\"position\":2,\"name\":\"Pol\u00edtica de Privacidad\"}]},{\"@type\":\"WebSite\",\"@id\":\"https:\/\/www.iscap.pt\/conferencias\/XI-EDICIC25\/#website\",\"url\":\"https:\/\/www.iscap.pt\/conferencias\/XI-EDICIC25\/\",\"name\":\"XI EDICIC Ib\u00e9rico 2025\",\"description\":\"XI Encontro EDICIC Ib\u00e9rico, P. Porto\/ISCAP, novembro 2025\",\"publisher\":{\"@id\":\"https:\/\/www.iscap.pt\/conferencias\/XI-EDICIC25\/#organization\"},\"potentialAction\":[{\"@type\":\"SearchAction\",\"target\":{\"@type\":\"EntryPoint\",\"urlTemplate\":\"https:\/\/www.iscap.pt\/conferencias\/XI-EDICIC25\/?s={search_term_string}\"},\"query-input\":{\"@type\":\"PropertyValueSpecification\",\"valueRequired\":true,\"valueName\":\"search_term_string\"}}],\"inLanguage\":\"pt-PT\"},{\"@type\":\"Organization\",\"@id\":\"https:\/\/www.iscap.pt\/conferencias\/XI-EDICIC25\/#organization\",\"name\":\"XI EDICIC Ib\u00e9rico 2025\",\"url\":\"https:\/\/www.iscap.pt\/conferencias\/XI-EDICIC25\/\",\"logo\":{\"@type\":\"ImageObject\",\"inLanguage\":\"pt-PT\",\"@id\":\"https:\/\/www.iscap.pt\/conferencias\/XI-EDICIC25\/#\/schema\/logo\/image\/\",\"url\":\"https:\/\/www.iscap.pt\/conferencias\/XI-EDICIC25\/wp-content\/uploads\/2025\/02\/XIEnancib-HOR-1.png\",\"contentUrl\":\"https:\/\/www.iscap.pt\/conferencias\/XI-EDICIC25\/wp-content\/uploads\/2025\/02\/XIEnancib-HOR-1.png\",\"width\":1012,\"height\":314,\"caption\":\"XI EDICIC Ib\u00e9rico 2025\"},\"image\":{\"@id\":\"https:\/\/www.iscap.pt\/conferencias\/XI-EDICIC25\/#\/schema\/logo\/image\/\"},\"sameAs\":[\"https:\/\/www.facebook.com\/EdicicOficial\",\"https:\/\/x.com\/EDICIC_OFICIAL\",\"https:\/\/www.instagram.com\/edicic_oficial\/\",\"https:\/\/www.youtube.com\/channel\/UCUNOuC9ud2za30O6yRJTNQQ\"]}]}<\/script>\n<!-- \/ Yoast SEO plugin. -->","yoast_head_json":{"title":"Pol\u00edtica de Privacidad - XI EDICIC Ib\u00e9rico 2025","robots":{"index":"index","follow":"follow","max-snippet":"max-snippet:-1","max-image-preview":"max-image-preview:large","max-video-preview":"max-video-preview:-1"},"canonical":"https:\/\/www.iscap.pt\/conferencias\/XI-EDICIC25\/es\/politica-de-privacidad\/","og_locale":"pt_PT","og_type":"article","og_title":"Pol\u00edtica de Privacidad - XI EDICIC Ib\u00e9rico 2025","og_description":"El comit\u00e9 organizador del XI Encuentro Ib\u00e9rico EDICIC es la entidad responsable de esta pol\u00edtica de privacidad y, por tanto, de la recogida y tratamiento de los datos personales y curriculares, que recoger\u00e1 y tratar\u00e1 en el marco de este evento, y en funci\u00f3n de las comunicaciones e inscripciones que se realicen, por ser imprescindibles [&hellip;]","og_url":"https:\/\/www.iscap.pt\/conferencias\/XI-EDICIC25\/es\/politica-de-privacidad\/","og_site_name":"XI EDICIC Ib\u00e9rico 2025","article_publisher":"https:\/\/www.facebook.com\/EdicicOficial","article_modified_time":"2025-03-10T15:21:50+00:00","og_image":[{"width":2400,"height":1600,"url":"https:\/\/www.iscap.pt\/conferencias\/XI-EDICIC25\/wp-content\/uploads\/2025\/02\/aperture-vintage-ELUPiavf5aU-unsplash.jpg","type":"image\/jpeg"}],"twitter_card":"summary_large_image","twitter_site":"@EDICIC_OFICIAL","twitter_misc":{"Est. reading time":"2 minutos"},"schema":{"@context":"https:\/\/schema.org","@graph":[{"@type":"WebPage","@id":"https:\/\/www.iscap.pt\/conferencias\/XI-EDICIC25\/es\/politica-de-privacidad\/","url":"https:\/\/www.iscap.pt\/conferencias\/XI-EDICIC25\/es\/politica-de-privacidad\/","name":"Pol\u00edtica de Privacidad - XI EDICIC Ib\u00e9rico 2025","isPartOf":{"@id":"https:\/\/www.iscap.pt\/conferencias\/XI-EDICIC25\/#website"},"primaryImageOfPage":{"@id":"https:\/\/www.iscap.pt\/conferencias\/XI-EDICIC25\/es\/politica-de-privacidad\/#primaryimage"},"image":{"@id":"https:\/\/www.iscap.pt\/conferencias\/XI-EDICIC25\/es\/politica-de-privacidad\/#primaryimage"},"thumbnailUrl":"https:\/\/www.iscap.pt\/conferencias\/XI-EDICIC25\/wp-content\/uploads\/2025\/02\/aperture-vintage-ELUPiavf5aU-unsplash.jpg","datePublished":"2025-03-10T00:55:26+00:00","dateModified":"2025-03-10T15:21:50+00:00","breadcrumb":{"@id":"https:\/\/www.iscap.pt\/conferencias\/XI-EDICIC25\/es\/politica-de-privacidad\/#breadcrumb"},"inLanguage":"pt-PT","potentialAction":[{"@type":"ReadAction","target":["https:\/\/www.iscap.pt\/conferencias\/XI-EDICIC25\/es\/politica-de-privacidad\/"]}]},{"@type":"ImageObject","inLanguage":"pt-PT","@id":"https:\/\/www.iscap.pt\/conferencias\/XI-EDICIC25\/es\/politica-de-privacidad\/#primaryimage","url":"https:\/\/www.iscap.pt\/conferencias\/XI-EDICIC25\/wp-content\/uploads\/2025\/02\/aperture-vintage-ELUPiavf5aU-unsplash.jpg","contentUrl":"https:\/\/www.iscap.pt\/conferencias\/XI-EDICIC25\/wp-content\/uploads\/2025\/02\/aperture-vintage-ELUPiavf5aU-unsplash.jpg","width":2400,"height":1600,"caption":"XI EDICIC Ib\u00e9rico"},{"@type":"BreadcrumbList","@id":"https:\/\/www.iscap.pt\/conferencias\/XI-EDICIC25\/es\/politica-de-privacidad\/#breadcrumb","itemListElement":[{"@type":"ListItem","position":1,"name":"In\u00edcio","item":"https:\/\/www.iscap.pt\/conferencias\/XI-EDICIC25\/"},{"@type":"ListItem","position":2,"name":"Pol\u00edtica de Privacidad"}]},{"@type":"WebSite","@id":"https:\/\/www.iscap.pt\/conferencias\/XI-EDICIC25\/#website","url":"https:\/\/www.iscap.pt\/conferencias\/XI-EDICIC25\/","name":"XI EDICIC Ib\u00e9rico 2025","description":"XI Encontro EDICIC Ib\u00e9rico, P. Porto\/ISCAP, novembro 2025","publisher":{"@id":"https:\/\/www.iscap.pt\/conferencias\/XI-EDICIC25\/#organization"},"potentialAction":[{"@type":"SearchAction","target":{"@type":"EntryPoint","urlTemplate":"https:\/\/www.iscap.pt\/conferencias\/XI-EDICIC25\/?s={search_term_string}"},"query-input":{"@type":"PropertyValueSpecification","valueRequired":true,"valueName":"search_term_string"}}],"inLanguage":"pt-PT"},{"@type":"Organization","@id":"https:\/\/www.iscap.pt\/conferencias\/XI-EDICIC25\/#organization","name":"XI EDICIC Ib\u00e9rico 2025","url":"https:\/\/www.iscap.pt\/conferencias\/XI-EDICIC25\/","logo":{"@type":"ImageObject","inLanguage":"pt-PT","@id":"https:\/\/www.iscap.pt\/conferencias\/XI-EDICIC25\/#\/schema\/logo\/image\/","url":"https:\/\/www.iscap.pt\/conferencias\/XI-EDICIC25\/wp-content\/uploads\/2025\/02\/XIEnancib-HOR-1.png","contentUrl":"https:\/\/www.iscap.pt\/conferencias\/XI-EDICIC25\/wp-content\/uploads\/2025\/02\/XIEnancib-HOR-1.png","width":1012,"height":314,"caption":"XI EDICIC Ib\u00e9rico 2025"},"image":{"@id":"https:\/\/www.iscap.pt\/conferencias\/XI-EDICIC25\/#\/schema\/logo\/image\/"},"sameAs":["https:\/\/www.facebook.com\/EdicicOficial","https:\/\/x.com\/EDICIC_OFICIAL","https:\/\/www.instagram.com\/edicic_oficial\/","https:\/\/www.youtube.com\/channel\/UCUNOuC9ud2za30O6yRJTNQQ"]}]}},"_links":{"self":[{"href":"https:\/\/www.iscap.pt\/conferencias\/XI-EDICIC25\/wp-json\/wp\/v2\/pages\/1839","targetHints":{"allow":["GET"]}}],"collection":[{"href":"https:\/\/www.iscap.pt\/conferencias\/XI-EDICIC25\/wp-json\/wp\/v2\/pages"}],"about":[{"href":"https:\/\/www.iscap.pt\/conferencias\/XI-EDICIC25\/wp-json\/wp\/v2\/types\/page"}],"author":[{"embeddable":true,"href":"https:\/\/www.iscap.pt\/conferencias\/XI-EDICIC25\/wp-json\/wp\/v2\/users\/1"}],"replies":[{"embeddable":true,"href":"https:\/\/www.iscap.pt\/conferencias\/XI-EDICIC25\/wp-json\/wp\/v2\/comments?post=1839"}],"version-history":[{"count":3,"href":"https:\/\/www.iscap.pt\/conferencias\/XI-EDICIC25\/wp-json\/wp\/v2\/pages\/1839\/revisions"}],"predecessor-version":[{"id":2159,"href":"https:\/\/www.iscap.pt\/conferencias\/XI-EDICIC25\/wp-json\/wp\/v2\/pages\/1839\/revisions\/2159"}],"wp:featuredmedia":[{"embeddable":true,"href":"https:\/\/www.iscap.pt\/conferencias\/XI-EDICIC25\/wp-json\/wp\/v2\/media\/1547"}],"wp:attachment":[{"href":"https:\/\/www.iscap.pt\/conferencias\/XI-EDICIC25\/wp-json\/wp\/v2\/media?parent=1839"}],"curies":[{"name":"wp","href":"https:\/\/api.w.org\/{rel}","templated":true}]}}