{"id":2804,"date":"2025-03-19T00:10:08","date_gmt":"2025-03-19T00:10:08","guid":{"rendered":"https:\/\/www.iscap.pt\/conferencias\/XI-EDICIC25\/?page_id=2804"},"modified":"2025-11-09T17:13:26","modified_gmt":"2025-11-09T17:13:26","slug":"oradores","status":"publish","type":"page","link":"https:\/\/www.iscap.pt\/conferencias\/XI-EDICIC25\/es\/oradores\/","title":{"rendered":"Oradores"},"content":{"rendered":"\n<div class=\"wp-block-stackable-spacer stk-block-spacer stk--no-padding stk-block stk-ed2232a\" data-block-id=\"ed2232a\"><style>.stk-ed2232a {height:30px !important;}<\/style><\/div>\n\n\n\n<p class=\"has-large-font-size\"><strong><span style=\"color: var(--theme-palette-color-1, #FF6900);\" class=\"stk-highlight\">Sesi\u00f3n Inaugural<\/span><\/strong><\/p>\n\n\n\n<div class=\"wp-block-columns is-layout-flex wp-container-core-columns-is-layout-28f84493 wp-block-columns-is-layout-flex\">\n<div class=\"wp-block-column is-layout-flow wp-block-column-is-layout-flow\" style=\"flex-basis:100%\">\n<div class=\"wp-block-stackable-columns stk-block-columns stk-block stk-e7feea1\" data-block-id=\"e7feea1\"><div class=\"stk-row stk-inner-blocks stk-block-content stk-content-align stk-e7feea1-column\">\n<div class=\"wp-block-stackable-column stk-block-column stk-column stk-block stk-abe4853\" data-v=\"4\" data-block-id=\"abe4853\"><style>.stk-abe4853-container{margin-top:12px !important;margin-right:12px !important;margin-bottom:12px !important;margin-left:12px !important;}<\/style><div class=\"stk-column-wrapper stk-block-column__content stk-container stk-abe4853-container stk--no-background stk--no-padding\"><div class=\"stk-block-content stk-inner-blocks stk-abe4853-inner-blocks\">\n<div class=\"wp-block-stackable-card alignwide stk-block-card stk-block stk-eb3befd is-style-default-2\" data-v=\"2\" data-block-id=\"eb3befd\"><style>.stk-eb3befd .stk-block-card__image{height:320px !important;}<\/style><div class=\"stk--no-padding stk-container stk-eb3befd-container stk-hover-parent\"><figure class=\"stk-block-card__image stk-img-wrapper stk-image--shape-stretch\"><img loading=\"lazy\" decoding=\"async\" class=\"stk-img wp-image-2752\" src=\"https:\/\/www.iscap.pt\/conferencias\/XI-EDICIC25\/wp-content\/uploads\/2025\/03\/Foto_-Jorge-Revez2.jpg\" width=\"1967\" height=\"1874\" alt=\"Orador_Jorge Revez\" srcset=\"https:\/\/www.iscap.pt\/conferencias\/XI-EDICIC25\/wp-content\/uploads\/2025\/03\/Foto_-Jorge-Revez2.jpg 1967w, https:\/\/www.iscap.pt\/conferencias\/XI-EDICIC25\/wp-content\/uploads\/2025\/03\/Foto_-Jorge-Revez2-300x286.jpg 300w, https:\/\/www.iscap.pt\/conferencias\/XI-EDICIC25\/wp-content\/uploads\/2025\/03\/Foto_-Jorge-Revez2-1024x976.jpg 1024w, https:\/\/www.iscap.pt\/conferencias\/XI-EDICIC25\/wp-content\/uploads\/2025\/03\/Foto_-Jorge-Revez2-768x732.jpg 768w, https:\/\/www.iscap.pt\/conferencias\/XI-EDICIC25\/wp-content\/uploads\/2025\/03\/Foto_-Jorge-Revez2-1536x1463.jpg 1536w\" sizes=\"auto, (max-width: 1967px) 100vw, 1967px\" \/><\/figure><div class=\"stk-container-padding stk-block-card__content\"><div class=\"stk-block-content stk-inner-blocks stk-eb3befd-inner-blocks\">\n<div class=\"wp-block-stackable-heading stk-block-heading stk-block-heading--v2 stk-block stk-5761726\" id=\"jorge-revez\" data-block-id=\"5761726\"><h2 class=\"stk-block-heading__text\">Jorge Revez<\/h2><\/div>\n\n\n\n<div class=\"wp-block-stackable-text stk-block-text stk-block stk-17fdc5b\" data-block-id=\"17fdc5b\"><style>.stk-17fdc5b {border-top-left-radius:0px !important;border-top-right-radius:0px !important;border-bottom-right-radius:0px !important;border-bottom-left-radius:0px !important;overflow:hidden !important;box-shadow:none !important;}.stk-17fdc5b .stk-block-text__text{text-shadow:none !important;font-size:18px !important;}@media screen and (max-width:999px){.stk-17fdc5b .stk-block-text__text{font-size:18px !important;}}<\/style><p class=\"stk-block-text__text has-text-align-justify\"><span style=\"color: #000000c7;\" class=\"stk-highlight\"><strong>Subdirector de la Facultad de Letras de la Universidad de Lisboa y Profesor Adjunto del Programa de Ciencias de la Informaci\u00f3n y la Documentaci\u00f3n<\/strong><\/span><\/p><\/div>\n\n\n\n<div class=\"wp-block-stackable-expand stk-block-expand stk-block stk-98df099\" data-block-id=\"98df099\"><div class=\"stk-inner-blocks stk-block-content\">\n<div class=\"wp-block-stackable-text stk-block-text stk-block stk-3f01c42 stk-block-expand__short-text\" aria-hidden=\"false\" data-block-id=\"3f01c42\"><p class=\"stk-block-text__text\"><\/p><\/div>\n\n\n\n<div class=\"wp-block-stackable-button stk-block-button stk-block-expand__show-button stk-block stk-742083a\" data-block-id=\"742083a\"><a aria-hidden=\"false\" role=\"button\" aria-expanded=\"false\" class=\"stk-link stk-button stk--hover-effect-darken\" href=\"#\"><span class=\"stk-button__inner-text\">Ver m\u00e1s<\/span><\/a><\/div>\n\n\n\n<div class=\"wp-block-stackable-text stk-block-text stk-block stk-b3bbb5f stk-block-expand__more-text\" aria-hidden=\"true\" data-block-id=\"b3bbb5f\"><p class=\"stk-block-text__text has-text-align-justify\"><span style=\"color: #000000c7;\" class=\"stk-highlight\">Es Doctor en Ciencias de la Informaci\u00f3n (Universidad de Coimbra), con una tesis sobre la relaci\u00f3n entre bibliotecas e investigadores, Licenciado en Historia, M\u00e1ster en Historia Contempor\u00e1nea y Postgrado en Biblioteconom\u00eda y Documentaci\u00f3n (Universidad de Lisboa). Trabaj\u00f3 varios a\u00f1os como bibliotecario en bibliotecas especializadas y de ense\u00f1anza superior y como analista de informaci\u00f3n criminal en la Polic\u00eda Judicial. Es investigador del equipo de Ciencia de la Informaci\u00f3n del Centro de Estudios Cl\u00e1sicos (Universidad de Lisboa) y del Grupo de Trabajo de Archivos del Centro de Estudios de Historia Religiosa (Universidad Cat\u00f3lica Portuguesa).<\/span><\/p><\/div>\n\n\n\n<div class=\"wp-block-stackable-button stk-block-button stk-block-expand__hide-button is-style-ghost stk-block stk-edeec77\" data-block-id=\"edeec77\"><style>.stk-edeec77 .stk-button{background:transparent !important;}.stk-edeec77 .stk-button:hover:after{background:transparent !important;opacity:1 !important;}:where(.stk-hover-parent:hover,  .stk-hover-parent.stk--is-hovered) .stk-edeec77 .stk-button:after{background:transparent !important;opacity:1 !important;}.stk-edeec77 .stk-button:before{border-style:solid !important;}<\/style><a aria-hidden=\"true\" role=\"button\" aria-expanded=\"true\" class=\"stk-link stk-button stk--hover-effect-darken\" href=\"#\"><span class=\"stk-button__inner-text\">Ver menos<\/span><\/a><\/div>\n<\/div><\/div>\n<\/div><\/div><\/div><\/div>\n<\/div><\/div><\/div>\n\n\n\n<div class=\"wp-block-stackable-column stk-block-column stk-column stk-block stk-950fb25\" data-v=\"4\" data-block-id=\"950fb25\"><div class=\"stk-column-wrapper stk-block-column__content stk-container stk-950fb25-container stk--no-background stk--no-padding\"><div class=\"stk-block-content stk-inner-blocks stk-950fb25-inner-blocks\">\n<div class=\"wp-block-stackable-card alignwide stk-block-card stk-block stk-be7b94a is-style-default-2\" data-v=\"2\" data-block-id=\"be7b94a\"><style>.stk-be7b94a .stk-block-card__image{height:320px !important;}<\/style><div class=\"stk--no-padding stk-container stk-be7b94a-container stk-hover-parent\"><figure class=\"stk-block-card__image stk-img-wrapper stk-image--shape-stretch\"><img loading=\"lazy\" decoding=\"async\" class=\"stk-img wp-image-3463\" src=\"https:\/\/www.iscap.pt\/conferencias\/XI-EDICIC25\/wp-content\/uploads\/2025\/11\/Imagem-Eliete.jpg\" width=\"288\" height=\"288\" alt=\"Orador_Jorge Revez\" srcset=\"https:\/\/www.iscap.pt\/conferencias\/XI-EDICIC25\/wp-content\/uploads\/2025\/11\/Imagem-Eliete.jpg 288w, https:\/\/www.iscap.pt\/conferencias\/XI-EDICIC25\/wp-content\/uploads\/2025\/11\/Imagem-Eliete-150x150.jpg 150w\" sizes=\"auto, (max-width: 288px) 100vw, 288px\" \/><\/figure><div class=\"stk-container-padding stk-block-card__content\"><div class=\"stk-block-content stk-inner-blocks stk-be7b94a-inner-blocks\">\n<div class=\"wp-block-stackable-heading stk-block-heading stk-block-heading--v2 stk-block stk-eded025\" id=\"eliete-santos\" data-block-id=\"eded025\"><h2 class=\"stk-block-heading__text\">Eliete Santos<\/h2><\/div>\n\n\n\n<div class=\"wp-block-stackable-text stk-block-text stk-block stk-6d34147\" data-block-id=\"6d34147\"><style>.stk-6d34147 {border-top-left-radius:0px !important;border-top-right-radius:0px !important;border-bottom-right-radius:0px !important;border-bottom-left-radius:0px !important;overflow:hidden !important;box-shadow:none !important;}.stk-6d34147 .stk-block-text__text{text-shadow:none !important;font-size:18px !important;}@media screen and (max-width:999px){.stk-6d34147 .stk-block-text__text{font-size:18px !important;}}<\/style><p class=\"stk-block-text__text has-text-align-justify\"><span style=\"color: #000000c7;\" class=\"stk-highlight\"><strong>L\u00edder del grupo de investigaci\u00f3n Archiv\u00edstica y Sociedad &#8211; GPAS, cuya l\u00ednea de investigaci\u00f3n es la archiv\u00edstica y sus dimensiones interdisciplinarias.<\/strong><\/span><\/p><\/div>\n\n\n\n<div class=\"wp-block-stackable-expand stk-block-expand stk-block stk-bdc7ad4\" data-block-id=\"bdc7ad4\"><div class=\"stk-inner-blocks stk-block-content\">\n<div class=\"wp-block-stackable-text stk-block-text stk-block stk-7e6d6b8 stk-block-expand__short-text\" aria-hidden=\"false\" data-block-id=\"7e6d6b8\"><p class=\"stk-block-text__text\"><\/p><\/div>\n\n\n\n<div class=\"wp-block-stackable-button stk-block-button stk-block-expand__show-button stk-block stk-0cb8669\" data-block-id=\"0cb8669\"><a aria-hidden=\"false\" role=\"button\" aria-expanded=\"false\" class=\"stk-link stk-button stk--hover-effect-darken\" href=\"#\"><span class=\"stk-button__inner-text\">Ver m\u00e1s<\/span><\/a><\/div>\n\n\n\n<div class=\"wp-block-stackable-text stk-block-text stk-block stk-9712838 stk-block-expand__more-text\" aria-hidden=\"true\" data-block-id=\"9712838\"><p class=\"stk-block-text__text has-text-align-justify\"><span style=\"color: #000000c7;\" class=\"stk-highlight\">Postdoctorado en Educaci\u00f3n Contempor\u00e1nea por la UFPE &#8211; PNPD-CAPES. Doctora en Ling\u00fc\u00edstica por PROLING\/UFPB. Complet\u00f3 el doctorado sandwich (Pr\u00e1cticas Avanzadas de Doctorado) en la Universidad de Oporto &#8211; PT, en la interfaz con el Curso de Ciencia de la Informaci\u00f3n y Ling\u00fc\u00edstica. M\u00e1ster en Lenguaje y Ense\u00f1anza por la UFCG. Licenciada en Letras y Archiv\u00edstica. Actualmente es profesora de la Universidad Estatal de Para\u00edba, en el curso de Archiv\u00edstica, coordinadora y profesora permanente del PPGDARQ-UEPB\/UFPB. Profesora permanente del PPGLE-UFCG. Experiencia en el \u00e1rea de Ling\u00fc\u00edstica, Tecnolog\u00edas Educativas y Archiv\u00edstica, trabajando principalmente en los siguientes temas: Acciones educativo-culturales y metodolog\u00edas decoloniales en archivos, lenguaje y Archiv\u00edstica, tecnolog\u00edas educativas, Difusi\u00f3n en archivos, inteligencia artificial, gobernanza archiv\u00edstica, lenguaje y ense\u00f1anza, estudios bakhtinianos. Su investigaci\u00f3n y extensi\u00f3n se centran en el campo de la archiv\u00edstica y la ling\u00fc\u00edstica, en el desarrollo del Proyecto SESA (Seminarios de Saberes Archiv\u00edsticos), cuyo trabajo se lleva a cabo en cooperaci\u00f3n acad\u00e9mica internacional con la Universidad de Oporto, la Universidad de Coimbra y el Instituto Polit\u00e9cnico de Oporto.<\/span><\/p><\/div>\n\n\n\n<div class=\"wp-block-stackable-button stk-block-button stk-block-expand__hide-button is-style-ghost stk-block stk-fd65e9c\" data-block-id=\"fd65e9c\"><style>.stk-fd65e9c .stk-button{background:transparent !important;}.stk-fd65e9c .stk-button:hover:after{background:transparent !important;opacity:1 !important;}:where(.stk-hover-parent:hover,  .stk-hover-parent.stk--is-hovered) .stk-fd65e9c .stk-button:after{background:transparent !important;opacity:1 !important;}.stk-fd65e9c .stk-button:before{border-style:solid !important;}<\/style><a aria-hidden=\"true\" role=\"button\" aria-expanded=\"true\" class=\"stk-link stk-button stk--hover-effect-darken\" href=\"#\"><span class=\"stk-button__inner-text\">Ver menos<\/span><\/a><\/div>\n<\/div><\/div>\n<\/div><\/div><\/div><\/div>\n<\/div><\/div><\/div>\n\n\n\n<div class=\"wp-block-stackable-column stk-block-column stk-column stk-block stk-48925ef\" data-v=\"4\" data-block-id=\"48925ef\"><div class=\"stk-column-wrapper stk-block-column__content stk-container stk-48925ef-container stk--no-background stk--no-padding\"><div class=\"stk-block-content stk-inner-blocks stk-48925ef-inner-blocks\"><\/div><\/div><\/div>\n<\/div><\/div>\n<\/div>\n<\/div>\n\n\n\n<div class=\"wp-block-stackable-spacer stk-block-spacer stk--no-padding stk-block stk-bd882b8\" data-block-id=\"bd882b8\"><style>.stk-bd882b8 {height:30px !important;}<\/style><\/div>\n\n\n\n<p class=\"has-large-font-size\"><strong><span style=\"color: var(--theme-palette-color-2, #f7b500);\" class=\"stk-highlight\">Tabla Redonda<\/span><\/strong><\/p>\n\n\n\n<div class=\"wp-block-stackable-columns stk-block-columns stk-block stk-ec44b28\" data-block-id=\"ec44b28\"><style>.stk-ec44b28 {margin-bottom:10px !important;}<\/style><div class=\"stk-row stk-inner-blocks stk-block-content stk-content-align stk-ec44b28-column\">\n<div class=\"wp-block-stackable-column stk-block-column stk-column stk-block stk-4f5df0c\" data-v=\"4\" data-block-id=\"4f5df0c\"><div class=\"stk-column-wrapper stk-block-column__content stk-container stk-4f5df0c-container stk--no-background stk--no-padding\"><div class=\"stk-block-content stk-inner-blocks stk-4f5df0c-inner-blocks\">\n<div class=\"wp-block-stackable-card stk-block-card stk-block stk-ef24d5d is-style-default\" data-v=\"2\" data-block-id=\"ef24d5d\"><style>.stk-ef24d5d .stk-block-card__image{height:320px !important;}<\/style><div class=\"stk--no-padding stk-container stk-ef24d5d-container stk-hover-parent\"><figure class=\"stk-block-card__image stk-img-wrapper stk-image--shape-stretch\"><img loading=\"lazy\" decoding=\"async\" class=\"stk-img wp-image-2728\" src=\"https:\/\/www.iscap.pt\/conferencias\/XI-EDICIC25\/wp-content\/uploads\/2025\/03\/Prof.-Fernanda-Ribeiro-Portal-UP-300x200-1.jpg\" width=\"300\" height=\"200\"\/><\/figure><div class=\"stk-container-padding stk-block-card__content\"><div class=\"stk-block-content stk-inner-blocks stk-ef24d5d-inner-blocks\">\n<div class=\"wp-block-stackable-heading stk-block-heading stk-block-heading--v2 stk-block stk-9eca051\" id=\"fernanda-ribeiro\" data-block-id=\"9eca051\"><h2 class=\"stk-block-heading__text\">Fernanda Ribeiro<\/h2><\/div>\n\n\n\n<div class=\"wp-block-stackable-subtitle stk-block-subtitle stk-block stk-2d3cf1b\" data-block-id=\"2d3cf1b\"><style>.stk-2d3cf1b .stk-block-subtitle__text{font-size:18px !important;}@media screen and (max-width:999px){.stk-2d3cf1b .stk-block-subtitle__text{font-size:18px !important;}}<\/style><p class=\"stk-block-subtitle__text stk-subtitle\"><strong><span style=\"color: #000000c7;\" class=\"stk-highlight\">Profesora titular del Departamento de Comunicaci\u00f3n y Ciencias de la Informaci\u00f3n de la FLUP<\/span><\/strong><\/p><\/div>\n\n\n\n<div class=\"wp-block-stackable-expand stk-block-expand stk-block stk-0482f3d\" data-block-id=\"0482f3d\"><div class=\"stk-inner-blocks stk-block-content\">\n<div class=\"wp-block-stackable-text stk-block-text stk-block stk-f997fdc stk-block-expand__short-text\" aria-hidden=\"false\" data-block-id=\"f997fdc\"><p class=\"stk-block-text__text\"><\/p><\/div>\n\n\n\n<div class=\"wp-block-stackable-button stk-block-button stk-block-expand__show-button stk-block stk-36e5366\" data-block-id=\"36e5366\"><style>.stk-36e5366 .stk-button{background:var(--theme-palette-color-2, #f7b500) !important;}<\/style><a aria-hidden=\"false\" role=\"button\" aria-expanded=\"false\" class=\"stk-link stk-button stk--hover-effect-darken\" href=\"#\"><span class=\"stk-button__inner-text\">Ver m\u00e1s<\/span><\/a><\/div>\n\n\n\n<div class=\"wp-block-stackable-text stk-block-text stk-block stk-7ed1e3b stk-block-expand__more-text\" aria-hidden=\"true\" data-block-id=\"7ed1e3b\"><p class=\"stk-block-text__text has-text-align-justify\">Se licenci\u00f3 en Historia por la Facultad de Letras de la Universidad de Oporto (FLUP) en 1980 y posee el t\u00edtulo de Bibliotecaria-Archivera por la Facultad de Letras de la Universidad de Coimbra (1982). Se doctor\u00f3 en 1999 en la FLUP con una tesis titulada <em>Acceso a la Informaci\u00f3n en Archivos<\/em> y se examin\u00f3 de Agregaci\u00f3n en la misma Facultad en 2006. Es Profesora Titular del Departamento de Comunicaci\u00f3n y Ciencias de la Informaci\u00f3n de la FLUP, fue directora de la Licenciatura en Ciencias de la Informaci\u00f3n (2003-2014) y actualmente es directora del Programa de Doctorado en Comunicaci\u00f3n y Ciencias de la Informaci\u00f3n. Tambi\u00e9n fue directora y presidenta del Consejo Cient\u00edfico de la FLUP entre octubre de 2014 y febrero de 2023.<br>Ha publicado en Portugal y en el extranjero y realizado investigaciones sobre los problemas de organizaci\u00f3n y representaci\u00f3n de la informaci\u00f3n, acceso y recuperaci\u00f3n, especialmente en archivos, cuestiones te\u00f3ricas y metodol\u00f3gicas y formaci\u00f3n en Ciencias de la Informaci\u00f3n.<\/p><\/div>\n\n\n\n<div class=\"wp-block-stackable-button stk-block-button stk-block-expand__hide-button is-style-ghost stk-block stk-27e90c6\" data-block-id=\"27e90c6\"><style>.stk-27e90c6 .stk-button{background:transparent !important;}.stk-27e90c6 .stk-button:hover:after{background:transparent !important;opacity:1 !important;}:where(.stk-hover-parent:hover,  .stk-hover-parent.stk--is-hovered) .stk-27e90c6 .stk-button:after{background:transparent !important;opacity:1 !important;}.stk-27e90c6 .stk-button:before{border-style:solid !important;border-color:var(--theme-palette-color-2, #f7b500) !important;}.stk-27e90c6 .stk-button .stk--inner-svg svg:last-child, .stk-27e90c6 .stk-button .stk--inner-svg svg:last-child :is(g, path, rect, polygon, ellipse){fill:var(--theme-palette-color-2, #f7b500) !important;}.stk-27e90c6 .stk-button__inner-text{color:var(--theme-palette-color-2, #f7b500) !important;}<\/style><a aria-hidden=\"true\" role=\"button\" aria-expanded=\"true\" class=\"stk-link stk-button stk--hover-effect-darken\" href=\"#\"><span class=\"has-text-color stk-button__inner-text\">Ver menos<\/span><\/a><\/div>\n<\/div><\/div>\n<\/div><\/div><\/div><\/div>\n<\/div><\/div><\/div>\n\n\n\n<div class=\"wp-block-stackable-column stk-block-column stk-column stk-block stk-c188603\" data-v=\"4\" data-block-id=\"c188603\"><div class=\"stk-column-wrapper stk-block-column__content stk-container stk-c188603-container stk--no-background stk--no-padding\"><div class=\"stk-block-content stk-inner-blocks stk-c188603-inner-blocks\">\n<div class=\"wp-block-stackable-card stk-block-card stk-block stk-c9d79b9 is-style-default\" data-v=\"2\" data-block-id=\"c9d79b9\"><style>.stk-c9d79b9 {margin-bottom:0px !important;}.stk-c9d79b9 .stk-block-card__image{height:320px !important;}<\/style><div class=\"stk--no-padding stk-container stk-c9d79b9-container stk-hover-parent\"><figure class=\"stk-block-card__image stk-img-wrapper stk-image--shape-stretch\"><img loading=\"lazy\" decoding=\"async\" class=\"stk-img wp-image-2731\" src=\"https:\/\/www.iscap.pt\/conferencias\/XI-EDICIC25\/wp-content\/uploads\/2025\/03\/AnaTerra2023.png\" width=\"1365\" height=\"1365\" srcset=\"https:\/\/www.iscap.pt\/conferencias\/XI-EDICIC25\/wp-content\/uploads\/2025\/03\/AnaTerra2023.png 1365w, https:\/\/www.iscap.pt\/conferencias\/XI-EDICIC25\/wp-content\/uploads\/2025\/03\/AnaTerra2023-300x300.png 300w, https:\/\/www.iscap.pt\/conferencias\/XI-EDICIC25\/wp-content\/uploads\/2025\/03\/AnaTerra2023-1024x1024.png 1024w, https:\/\/www.iscap.pt\/conferencias\/XI-EDICIC25\/wp-content\/uploads\/2025\/03\/AnaTerra2023-150x150.png 150w, https:\/\/www.iscap.pt\/conferencias\/XI-EDICIC25\/wp-content\/uploads\/2025\/03\/AnaTerra2023-768x768.png 768w\" sizes=\"auto, (max-width: 1365px) 100vw, 1365px\" \/><\/figure><div class=\"stk-container-padding stk-block-card__content\"><div class=\"stk-block-content stk-inner-blocks stk-c9d79b9-inner-blocks\">\n<div class=\"wp-block-stackable-heading stk-block-heading stk-block-heading--v2 stk-block stk-43af395\" id=\"ana-terra\" data-block-id=\"43af395\"><h2 class=\"stk-block-heading__text\">Ana Terra<\/h2><\/div>\n\n\n\n<div class=\"wp-block-stackable-subtitle stk-block-subtitle stk-block stk-eafc9e0\" data-block-id=\"eafc9e0\"><style>.stk-eafc9e0 .stk-block-subtitle__text{font-size:18px !important;}@media screen and (max-width:999px){.stk-eafc9e0 .stk-block-subtitle__text{font-size:18px !important;}}<\/style><p class=\"stk-block-subtitle__text stk-subtitle\"><strong><span style=\"color: #000000c7;\" class=\"stk-highlight\">Profesora adjunta en la Universidad de Coimbra. Doctorada en Ciencias Documentales<\/span><\/strong><\/p><\/div>\n\n\n\n<div class=\"wp-block-stackable-expand stk-block-expand stk-block stk-6cc2db4\" data-block-id=\"6cc2db4\"><div class=\"stk-inner-blocks stk-block-content\">\n<div class=\"wp-block-stackable-text stk-block-text stk-block stk-b2e8d1e stk-block-expand__short-text\" aria-hidden=\"false\" data-block-id=\"b2e8d1e\"><p class=\"stk-block-text__text\"><\/p><\/div>\n\n\n\n<div class=\"wp-block-stackable-button stk-block-button stk-block-expand__show-button stk-block stk-6ca8cd7\" data-block-id=\"6ca8cd7\"><style>.stk-6ca8cd7 .stk-button{background:var(--theme-palette-color-2, #f7b500) !important;}<\/style><a aria-hidden=\"false\" role=\"button\" aria-expanded=\"false\" class=\"stk-link stk-button stk--hover-effect-darken\" href=\"#\"><span class=\"stk-button__inner-text\">Ver m\u00e1s<\/span><\/a><\/div>\n\n\n\n<div class=\"wp-block-stackable-text stk-block-text stk-block stk-6e3f0dc stk-block-expand__more-text\" aria-hidden=\"true\" data-block-id=\"6e3f0dc\"><p class=\"stk-block-text__text has-text-align-justify\">Es doctora en Ciencias de la Documentaci\u00f3n, licenciada en Historia, m\u00e1ster en Historia Moderna y posgrado en Ciencias de la Documentaci\u00f3n (opci\u00f3n Archivo y opci\u00f3n Biblioteca\/Documentaci\u00f3n). Desde noviembre de 2020 es Profesora Adjunta en la Universidad de Coimbra, donde imparte clases en los programas de Grado, M\u00e1ster y Doctorado en Ciencias de la Informaci\u00f3n. Fue Profesora Adjunta en el Instituto Polit\u00e9cnico de Oporto de 2002 a 2020, donde fue Coordinadora de la Licenciatura en Ciencias y Tecnolog\u00edas de la Documentaci\u00f3n y de la Informaci\u00f3n, Directora del M\u00e1ster en Informaci\u00f3n Empresarial, entre otros cargos de gesti\u00f3n. Desde noviembre de 2019 es Presidenta electa del Cap\u00edtulo Espa\u00f1a-Portugal de ISKO (International Society for Knowledge Organisation). Es miembro de la Junta Directiva de la Asociaci\u00f3n Bobcatsss (AKA Euclid) desde enero de 2021. En 2009 fue galardonada con el Premio Raul Proen\u00e7a, patrocinado por la Direcci\u00f3n General del Libro y Bibliotecas. Sus principales intereses de investigaci\u00f3n incluyen el comportamiento informativo, especialmente la gesti\u00f3n personal de la informaci\u00f3n, el comportamiento informativo en situaciones cotidianas y la alfabetizaci\u00f3n informacional, la organizaci\u00f3n del conocimiento, especialmente en repositorios institucionales, y la gesti\u00f3n de la informaci\u00f3n, con especial atenci\u00f3n a la gesti\u00f3n organizativa del correo electr\u00f3nico.<\/p><\/div>\n\n\n\n<div class=\"wp-block-stackable-button stk-block-button stk-block-expand__hide-button is-style-ghost stk-block stk-2023ba3\" data-block-id=\"2023ba3\"><style>.stk-2023ba3 .stk-button{background:transparent !important;}.stk-2023ba3 .stk-button:hover:after{background:transparent !important;opacity:1 !important;}:where(.stk-hover-parent:hover,  .stk-hover-parent.stk--is-hovered) .stk-2023ba3 .stk-button:after{background:transparent !important;opacity:1 !important;}.stk-2023ba3 .stk-button:before{border-style:solid !important;border-color:var(--theme-palette-color-2, #f7b500) !important;}.stk-2023ba3 .stk-button .stk--inner-svg svg:last-child, .stk-2023ba3 .stk-button .stk--inner-svg svg:last-child :is(g, path, rect, polygon, ellipse){fill:var(--theme-palette-color-2, #f7b500) !important;}.stk-2023ba3 .stk-button__inner-text{color:var(--theme-palette-color-2, #f7b500) !important;}<\/style><a aria-hidden=\"true\" role=\"button\" aria-expanded=\"true\" class=\"stk-link stk-button stk--hover-effect-darken\" href=\"#\"><span class=\"has-text-color stk-button__inner-text\">Ver menos<\/span><\/a><\/div>\n<\/div><\/div>\n<\/div><\/div><\/div><\/div>\n<\/div><\/div><\/div>\n\n\n\n<div class=\"wp-block-stackable-column stk-block-column stk-column stk-block stk-dee3a6d\" data-v=\"4\" data-block-id=\"dee3a6d\"><div class=\"stk-column-wrapper stk-block-column__content stk-container stk-dee3a6d-container stk--no-background stk--no-padding\"><div class=\"stk-block-content stk-inner-blocks stk-dee3a6d-inner-blocks\">\n<div class=\"wp-block-stackable-card stk-block-card stk-block stk-dc886d8 is-style-default\" data-v=\"2\" data-block-id=\"dc886d8\"><style>.stk-dc886d8 .stk-block-card__image{height:320px !important;}<\/style><div class=\"stk--no-padding stk-container stk-dc886d8-container stk-hover-parent\"><figure class=\"stk-block-card__image stk-img-wrapper stk-image--shape-stretch\"><img loading=\"lazy\" decoding=\"async\" class=\"stk-img wp-image-2742\" src=\"https:\/\/www.iscap.pt\/conferencias\/XI-EDICIC25\/wp-content\/uploads\/2025\/03\/Ana-Novo.jpg\" width=\"697\" height=\"697\" srcset=\"https:\/\/www.iscap.pt\/conferencias\/XI-EDICIC25\/wp-content\/uploads\/2025\/03\/Ana-Novo.jpg 697w, https:\/\/www.iscap.pt\/conferencias\/XI-EDICIC25\/wp-content\/uploads\/2025\/03\/Ana-Novo-300x300.jpg 300w, https:\/\/www.iscap.pt\/conferencias\/XI-EDICIC25\/wp-content\/uploads\/2025\/03\/Ana-Novo-150x150.jpg 150w\" sizes=\"auto, (max-width: 697px) 100vw, 697px\" \/><\/figure><div class=\"stk-container-padding stk-block-card__content\"><div class=\"stk-block-content stk-inner-blocks stk-dc886d8-inner-blocks\">\n<div class=\"wp-block-stackable-heading stk-block-heading stk-block-heading--v2 stk-block stk-1c39244\" id=\"ana-novo\" data-block-id=\"1c39244\"><h2 class=\"stk-block-heading__text\">Ana Novo<\/h2><\/div>\n\n\n\n<div class=\"wp-block-stackable-subtitle stk-block-subtitle stk-block stk-8bf86d5\" data-block-id=\"8bf86d5\"><style>.stk-8bf86d5 .stk-block-subtitle__text{font-size:18px !important;}@media screen and (max-width:999px){.stk-8bf86d5 .stk-block-subtitle__text{font-size:18px !important;}}<\/style><p class=\"stk-block-subtitle__text stk-subtitle\"><span style=\"color: #000000c7;\" class=\"stk-highlight\"><strong>Profesora adjunta del Departamento de Humanidades de la Universidade Aberta<\/strong><\/span><\/p><\/div>\n\n\n\n<div class=\"wp-block-stackable-expand stk-block-expand stk-block stk-6abc411\" data-block-id=\"6abc411\"><div class=\"stk-inner-blocks stk-block-content\">\n<div class=\"wp-block-stackable-text stk-block-text stk-block stk-f8467cd stk-block-expand__short-text\" aria-hidden=\"false\" data-block-id=\"f8467cd\"><p class=\"stk-block-text__text has-text-align-justify\"><\/p><\/div>\n\n\n\n<div class=\"wp-block-stackable-button stk-block-button stk-block-expand__show-button stk-block stk-9aec910\" data-block-id=\"9aec910\"><style>.stk-9aec910 .stk-button{background:var(--theme-palette-color-2, #f7b500) !important;}<\/style><a aria-hidden=\"false\" role=\"button\" aria-expanded=\"false\" class=\"stk-link stk-button stk--hover-effect-darken\" href=\"#\"><span class=\"stk-button__inner-text\">Ver m\u00e1s<\/span><\/a><\/div>\n\n\n\n<div class=\"wp-block-stackable-text stk-block-text stk-block stk-9e908c7 stk-block-expand__more-text\" aria-hidden=\"true\" data-block-id=\"9e908c7\"><p class=\"stk-block-text__text has-text-align-justify\">Profesora Adjunta en el Departamento de Humanidades de la Universidade Aberta desde 2013, impartiendo docencia en el \u00e1rea de Ciencia de la Informaci\u00f3n. Desde marzo de 2020, coordina el M\u00e1ster en Gesti\u00f3n de la Informaci\u00f3n y Bibliotecas Escolares. Doctora en Ciencias de la Informaci\u00f3n y Documentaci\u00f3n por la Universidad de \u00c9vora (2011), desarroll\u00f3 la tesis titulada \u00ab\u00bfBiblioteca escolar con o sin bibliotecario? &#8211; Un estudio del impacto en el \u00e9xito escolar en las Escuelas B\u00e1sicas Integradas\u00bb.<br>Como investigadora, se dedica a las \u00e1reas de biblioteconom\u00eda escolar y formaci\u00f3n y ense\u00f1anza en Ciencias de la Informaci\u00f3n en Portugal, con presentaciones y publicaciones en eventos y revistas nacionales e internacionales. Es miembro de la IASL y de la BAD, as\u00ed como del Grupo de Trabajo de Bibliotecas Escolares. Tambi\u00e9n es investigadora del CIDEHUS &#8211; Centro Interdisciplinar de Historia, Culturas y Sociedades de la Universidad de \u00c9vora desde 2007, donde es miembro del Grupo de Investigaci\u00f3n en Patrimonio y Literacidad.<\/p><\/div>\n\n\n\n<div class=\"wp-block-stackable-button stk-block-button stk-block-expand__hide-button is-style-ghost stk-block stk-83af8e6\" data-block-id=\"83af8e6\"><style>.stk-83af8e6 .stk-button{background:transparent !important;}.stk-83af8e6 .stk-button:hover:after{background:transparent !important;opacity:1 !important;}:where(.stk-hover-parent:hover,  .stk-hover-parent.stk--is-hovered) .stk-83af8e6 .stk-button:after{background:transparent !important;opacity:1 !important;}.stk-83af8e6 .stk-button:before{border-style:solid !important;border-color:var(--theme-palette-color-2, #f7b500) !important;}.stk-83af8e6 .stk-button .stk--inner-svg svg:last-child, .stk-83af8e6 .stk-button .stk--inner-svg svg:last-child :is(g, path, rect, polygon, ellipse){fill:var(--theme-palette-color-2, #f7b500) !important;}.stk-83af8e6 .stk-button__inner-text{color:var(--theme-palette-color-2, #f7b500) !important;}<\/style><a aria-hidden=\"true\" role=\"button\" aria-expanded=\"true\" class=\"stk-link stk-button stk--hover-effect-darken\" href=\"#\"><span class=\"has-text-color stk-button__inner-text\">Ver menos<\/span><\/a><\/div>\n<\/div><\/div>\n<\/div><\/div><\/div><\/div>\n<\/div><\/div><\/div>\n<\/div><\/div>\n\n\n\n<div class=\"wp-block-stackable-columns stk-block-columns stk-block stk-928bccd\" data-block-id=\"928bccd\"><style>.stk-928bccd {margin-bottom:10px !important;}<\/style><div class=\"stk-row stk-inner-blocks stk-block-content stk-content-align stk-928bccd-column\">\n<div class=\"wp-block-stackable-column stk-block-column stk-column stk-block stk-f3abfd8\" data-v=\"4\" data-block-id=\"f3abfd8\"><div class=\"stk-column-wrapper stk-block-column__content stk-container stk-f3abfd8-container stk--no-background stk--no-padding\"><div class=\"stk-block-content stk-inner-blocks stk-f3abfd8-inner-blocks\">\n<div class=\"wp-block-stackable-card stk-block-card stk-block stk-0929670 is-style-default\" data-v=\"2\" data-block-id=\"0929670\"><style>.stk-0929670 .stk-block-card__image{height:320px !important;}<\/style><div class=\"stk--no-padding stk-container stk-0929670-container stk-hover-parent\"><figure class=\"stk-block-card__image stk-img-wrapper stk-image--shape-stretch\"><img loading=\"lazy\" decoding=\"async\" class=\"stk-img wp-image-2745\" src=\"https:\/\/www.iscap.pt\/conferencias\/XI-EDICIC25\/wp-content\/uploads\/2025\/03\/CarlosGuardadodaSilva-2.jpg\" width=\"494\" height=\"535\" srcset=\"https:\/\/www.iscap.pt\/conferencias\/XI-EDICIC25\/wp-content\/uploads\/2025\/03\/CarlosGuardadodaSilva-2.jpg 494w, https:\/\/www.iscap.pt\/conferencias\/XI-EDICIC25\/wp-content\/uploads\/2025\/03\/CarlosGuardadodaSilva-2-277x300.jpg 277w\" sizes=\"auto, (max-width: 494px) 100vw, 494px\" \/><\/figure><div class=\"stk-container-padding stk-block-card__content\"><div class=\"stk-block-content stk-inner-blocks stk-0929670-inner-blocks\">\n<div class=\"wp-block-stackable-heading stk-block-heading stk-block-heading--v2 stk-block stk-3effc09\" id=\"carlos-guardado-da-silva\" data-block-id=\"3effc09\"><h2 class=\"stk-block-heading__text\">Carlos Guardado da Silva<\/h2><\/div>\n\n\n\n<div class=\"wp-block-stackable-subtitle stk-block-subtitle stk-block stk-817ad47\" data-block-id=\"817ad47\"><style>.stk-817ad47 .stk-block-subtitle__text{font-size:18px !important;}@media screen and (max-width:999px){.stk-817ad47 .stk-block-subtitle__text{font-size:18px !important;}}<\/style><p class=\"stk-block-subtitle__text stk-subtitle\"><span style=\"color: #000000c7;\" class=\"stk-highlight\"><strong>Profesor asociado con agregaci\u00f3n de Ciencias de la Informaci\u00f3n en la Facultad de Letras de la U. de Lisboa<\/strong><\/span><\/p><\/div>\n\n\n\n<div class=\"wp-block-stackable-expand stk-block-expand stk-block stk-44b6ca2\" data-block-id=\"44b6ca2\"><div class=\"stk-inner-blocks stk-block-content\">\n<div class=\"wp-block-stackable-text stk-block-text stk-block stk-631f233 stk-block-expand__short-text\" aria-hidden=\"false\" data-block-id=\"631f233\"><p class=\"stk-block-text__text\"><\/p><\/div>\n\n\n\n<div class=\"wp-block-stackable-button stk-block-button stk-block-expand__show-button stk-block stk-d73c5d5\" data-block-id=\"d73c5d5\"><style>.stk-d73c5d5 .stk-button{background:var(--theme-palette-color-2, #f7b500) !important;}<\/style><a aria-hidden=\"false\" role=\"button\" aria-expanded=\"false\" class=\"stk-link stk-button stk--hover-effect-darken\" href=\"#\"><span class=\"stk-button__inner-text\">Ver m\u00e1s<\/span><\/a><\/div>\n\n\n\n<div class=\"wp-block-stackable-text stk-block-text stk-block stk-983e772 stk-block-expand__more-text\" aria-hidden=\"true\" data-block-id=\"983e772\"><p class=\"stk-block-text__text has-text-align-justify\">Profesor Asociado de Ciencias de la Informaci\u00f3n en la Facultad de Letras de la Universidad de Lisboa (FLUL), donde dirige el Programa de Documentaci\u00f3n y Ciencias de la Informaci\u00f3n, el Doctorado en Ciencias de la Informaci\u00f3n y el equipo de investigaci\u00f3n en Ciencias de la Informaci\u00f3n del Centro de Estudios Cl\u00e1sicos (CEC-FLUL). Es (co)autor y editor de m\u00e1s de dos centenares y medio de t\u00edtulos en las \u00e1reas de Ciencias de la Informaci\u00f3n, Historia y Gesti\u00f3n Cultural, y director de la Colecci\u00f3n CI &#8211; Ciencias de la Informaci\u00f3n, una coedici\u00f3n de Edi\u00e7\u00f5es Colibri y el Centro de Estudios Cl\u00e1sicos de la Facultad de Letras de la Universidad de Lisboa. Es investigador del Centro de Estudios Cl\u00e1sicos de la Facultad de Letras de la Universidad de Lisboa y miembro de varias sociedades cient\u00edficas, entre ellas The International Society for Knowledge Organisation (ISKO), la Asociaci\u00f3n Portuguesa de Ciencias de la Comunicaci\u00f3n (SOPCOM), la Asociaci\u00f3n Iberoamericana y del Caribe para la Educaci\u00f3n y la Investigaci\u00f3n en Ciencias de la Informaci\u00f3n (EDICIC) y la Academia Portuguesa de Historia.<\/p><\/div>\n\n\n\n<div class=\"wp-block-stackable-button stk-block-button stk-block-expand__hide-button is-style-ghost stk-block stk-8bf96e6\" data-block-id=\"8bf96e6\"><style>.stk-8bf96e6 .stk-button{background:transparent !important;}.stk-8bf96e6 .stk-button:hover:after{background:transparent !important;opacity:1 !important;}:where(.stk-hover-parent:hover,  .stk-hover-parent.stk--is-hovered) .stk-8bf96e6 .stk-button:after{background:transparent !important;opacity:1 !important;}.stk-8bf96e6 .stk-button:before{border-style:solid !important;border-color:var(--theme-palette-color-2, #f7b500) !important;}.stk-8bf96e6 .stk-button .stk--inner-svg svg:last-child, .stk-8bf96e6 .stk-button .stk--inner-svg svg:last-child :is(g, path, rect, polygon, ellipse){fill:var(--theme-palette-color-2, #f7b500) !important;}.stk-8bf96e6 .stk-button__inner-text{color:var(--theme-palette-color-2, #f7b500) !important;}<\/style><a aria-hidden=\"true\" role=\"button\" aria-expanded=\"true\" class=\"stk-link stk-button stk--hover-effect-darken\" href=\"#\"><span class=\"has-text-color stk-button__inner-text\">Ver menos<\/span><\/a><\/div>\n<\/div><\/div>\n<\/div><\/div><\/div><\/div>\n<\/div><\/div><\/div>\n\n\n\n<div class=\"wp-block-stackable-column stk-block-column stk-column stk-block stk-db2c525\" data-v=\"4\" data-block-id=\"db2c525\"><div class=\"stk-column-wrapper stk-block-column__content stk-container stk-db2c525-container stk--no-background stk--no-padding\"><div class=\"stk-block-content stk-inner-blocks stk-db2c525-inner-blocks\">\n<div class=\"wp-block-stackable-card stk-block-card stk-block stk-4d3d5d4 is-style-default\" data-v=\"2\" data-block-id=\"4d3d5d4\"><style>.stk-4d3d5d4 .stk-block-card__image{height:320px !important;}<\/style><div class=\"stk--no-padding stk-container stk-4d3d5d4-container stk-hover-parent\"><figure class=\"stk-block-card__image stk-img-wrapper stk-image--shape-stretch\"><img loading=\"lazy\" decoding=\"async\" class=\"stk-img wp-image-2748\" src=\"https:\/\/www.iscap.pt\/conferencias\/XI-EDICIC25\/wp-content\/uploads\/2025\/03\/Paula-Ochoa-2.jpg\" width=\"2330\" height=\"2281\" srcset=\"https:\/\/www.iscap.pt\/conferencias\/XI-EDICIC25\/wp-content\/uploads\/2025\/03\/Paula-Ochoa-2.jpg 2330w, https:\/\/www.iscap.pt\/conferencias\/XI-EDICIC25\/wp-content\/uploads\/2025\/03\/Paula-Ochoa-2-300x294.jpg 300w, https:\/\/www.iscap.pt\/conferencias\/XI-EDICIC25\/wp-content\/uploads\/2025\/03\/Paula-Ochoa-2-1024x1002.jpg 1024w, https:\/\/www.iscap.pt\/conferencias\/XI-EDICIC25\/wp-content\/uploads\/2025\/03\/Paula-Ochoa-2-768x752.jpg 768w, https:\/\/www.iscap.pt\/conferencias\/XI-EDICIC25\/wp-content\/uploads\/2025\/03\/Paula-Ochoa-2-1536x1504.jpg 1536w, https:\/\/www.iscap.pt\/conferencias\/XI-EDICIC25\/wp-content\/uploads\/2025\/03\/Paula-Ochoa-2-2048x2005.jpg 2048w\" sizes=\"auto, (max-width: 2330px) 100vw, 2330px\" \/><\/figure><div class=\"stk-container-padding stk-block-card__content\"><div class=\"stk-block-content stk-inner-blocks stk-4d3d5d4-inner-blocks\">\n<div class=\"wp-block-stackable-heading stk-block-heading stk-block-heading--v2 stk-block stk-96b15e3\" id=\"paula-ochoa\" data-block-id=\"96b15e3\"><h2 class=\"stk-block-heading__text\">Paula Och\u00f4a<\/h2><\/div>\n\n\n\n<div class=\"wp-block-stackable-subtitle stk-block-subtitle stk-block stk-7fcf2fc\" data-block-id=\"7fcf2fc\"><style>.stk-7fcf2fc .stk-block-subtitle__text{font-size:18px !important;}@media screen and (max-width:999px){.stk-7fcf2fc .stk-block-subtitle__text{font-size:18px !important;}}<\/style><p class=\"stk-block-subtitle__text stk-subtitle\"><span style=\"color: #000000c7;\" class=\"stk-highlight\"><strong>Profesora adjunta en la Facultad de Ciencias Sociales y Humanidades de la Universidade Nova de Lisboa<\/strong><\/span><\/p><\/div>\n\n\n\n<div class=\"wp-block-stackable-expand stk-block-expand stk-block stk-e5b66d5\" data-block-id=\"e5b66d5\"><div class=\"stk-inner-blocks stk-block-content\">\n<div class=\"wp-block-stackable-text stk-block-text stk-block stk-5837531 stk-block-expand__short-text\" aria-hidden=\"false\" data-block-id=\"5837531\"><p class=\"stk-block-text__text\"><\/p><\/div>\n\n\n\n<div class=\"wp-block-stackable-button stk-block-button stk-block-expand__show-button stk-block stk-6d355f4\" data-block-id=\"6d355f4\"><style>.stk-6d355f4 .stk-button{background:var(--theme-palette-color-2, #f7b500) !important;}<\/style><a aria-hidden=\"false\" role=\"button\" aria-expanded=\"false\" class=\"stk-link stk-button stk--hover-effect-darken\" href=\"#\"><span class=\"stk-button__inner-text\">Ver m\u00e1s<\/span><\/a><\/div>\n\n\n\n<div class=\"wp-block-stackable-text stk-block-text stk-block stk-2c1b0c8 stk-block-expand__more-text\" aria-hidden=\"true\" data-block-id=\"2c1b0c8\"><p class=\"stk-block-text__text has-text-align-justify\">Es Doctora en Documentaci\u00f3n por la Universidad de Alcal\u00e1 (2012), M\u00e1ster en Gesti\u00f3n de la Informaci\u00f3n por The University of Sheffield Management School (1994) y Licenciada en Historia por la Facultad de Letras de la Universidad de Lisboa (1985). Tambi\u00e9n tiene un Curso de Alta Direcci\u00f3n de la Administraci\u00f3n P\u00fablica (CADAP) por el INA (2004). Fue Jefa de Divisi\u00f3n y Directora de los Servicios de Informaci\u00f3n y Documentaci\u00f3n de la Secretar\u00eda General del Ministerio de Educaci\u00f3n (1996-2011). Tambi\u00e9n fue bibliotecaria de la Biblioteca Nacional y del Instituto Nacional de la Biblioteca y el Libro, trabajando en la Divisi\u00f3n de Innovaci\u00f3n para Bibliotecas P\u00fablicas. Entre 1991 y 2008 fue profesora de los Cursos de Especializaci\u00f3n en Ciencias Documentales y del M\u00e1ster en Informaci\u00f3n y Documentaci\u00f3n de la Facultad de Letras de la Universidad de \u00c9vora y de la Universidad de las Azores. Actualmente es Profesora Adjunta en la Facultad de Ciencias Sociales y Humanidades de la Universidade Nova de Lisboa, donde coordina el M\u00e1ster en Patrimonio y co-coordina el M\u00e1ster en Comisariado y Humanidades Digitales, adem\u00e1s de ser Vicepresidenta del Comit\u00e9 de \u00c9tica.<\/p><\/div>\n\n\n\n<div class=\"wp-block-stackable-button stk-block-button stk-block-expand__hide-button is-style-ghost stk-block stk-b29096f\" data-block-id=\"b29096f\"><style>.stk-b29096f .stk-button{background:transparent !important;}.stk-b29096f .stk-button:hover:after{background:transparent !important;opacity:1 !important;}:where(.stk-hover-parent:hover,  .stk-hover-parent.stk--is-hovered) .stk-b29096f .stk-button:after{background:transparent !important;opacity:1 !important;}.stk-b29096f .stk-button:before{border-style:solid !important;border-color:var(--theme-palette-color-2, #f7b500) !important;}.stk-b29096f .stk-button .stk--inner-svg svg:last-child, .stk-b29096f .stk-button .stk--inner-svg svg:last-child :is(g, path, rect, polygon, ellipse){fill:var(--theme-palette-color-2, #f7b500) !important;}.stk-b29096f .stk-button__inner-text{color:var(--theme-palette-color-2, #f7b500) !important;}<\/style><a aria-hidden=\"true\" role=\"button\" aria-expanded=\"true\" class=\"stk-link stk-button stk--hover-effect-darken\" href=\"#\"><span class=\"has-text-color stk-button__inner-text\">Ver menos<\/span><\/a><\/div>\n<\/div><\/div>\n<\/div><\/div><\/div><\/div>\n<\/div><\/div><\/div>\n\n\n\n<div class=\"wp-block-stackable-column stk-block-column stk-column stk-block stk-038c2ba\" data-v=\"4\" data-block-id=\"038c2ba\"><div class=\"stk-column-wrapper stk-block-column__content stk-container stk-038c2ba-container stk--no-background stk--no-padding\"><div class=\"stk-block-content stk-inner-blocks stk-038c2ba-inner-blocks\">\n<div class=\"wp-block-stackable-card stk-block-card stk-block stk-c8ec713 is-style-default\" data-v=\"2\" data-block-id=\"c8ec713\"><style>.stk-c8ec713 .stk-block-card__image{height:320px !important;}<\/style><div class=\"stk--no-padding stk-container stk-c8ec713-container stk-hover-parent\"><figure class=\"stk-block-card__image stk-img-wrapper stk-image--shape-stretch\"><img loading=\"lazy\" decoding=\"async\" class=\"stk-img wp-image-2949\" src=\"https:\/\/www.iscap.pt\/conferencias\/XI-EDICIC25\/wp-content\/uploads\/2025\/05\/Sandra-Sanz.jpg\" width=\"1593\" height=\"1675\" alt=\"Sandra Sanz\" srcset=\"https:\/\/www.iscap.pt\/conferencias\/XI-EDICIC25\/wp-content\/uploads\/2025\/05\/Sandra-Sanz.jpg 1593w, https:\/\/www.iscap.pt\/conferencias\/XI-EDICIC25\/wp-content\/uploads\/2025\/05\/Sandra-Sanz-285x300.jpg 285w, https:\/\/www.iscap.pt\/conferencias\/XI-EDICIC25\/wp-content\/uploads\/2025\/05\/Sandra-Sanz-974x1024.jpg 974w, https:\/\/www.iscap.pt\/conferencias\/XI-EDICIC25\/wp-content\/uploads\/2025\/05\/Sandra-Sanz-768x808.jpg 768w, https:\/\/www.iscap.pt\/conferencias\/XI-EDICIC25\/wp-content\/uploads\/2025\/05\/Sandra-Sanz-1461x1536.jpg 1461w\" sizes=\"auto, (max-width: 1593px) 100vw, 1593px\" \/><\/figure><div class=\"stk-container-padding stk-block-card__content\"><div class=\"stk-block-content stk-inner-blocks stk-c8ec713-inner-blocks\">\n<div class=\"wp-block-stackable-heading stk-block-heading stk-block-heading--v2 stk-block stk-48eb75c\" id=\"sandra-sanz\" data-block-id=\"48eb75c\"><h2 class=\"stk-block-heading__text\">Sandra Sanz<\/h2><\/div>\n\n\n\n<div class=\"wp-block-stackable-subtitle stk-block-subtitle stk-block stk-c0bdac7\" data-block-id=\"c0bdac7\"><style>.stk-c0bdac7 {margin-bottom:2px !important;}.stk-c0bdac7 .stk-block-subtitle__text{font-size:18px !important;}@media screen and (max-width:999px){.stk-c0bdac7 .stk-block-subtitle__text{font-size:18px !important;}}<\/style><p class=\"stk-block-subtitle__text stk-subtitle\"><span style=\"color: #000000c7;\" class=\"stk-highlight\"><strong>Profesora agregada de los Estudios de Ciencias de la Informaci\u00f3n y de la Comunicaci\u00f3n de la Universitat Oberta de Catalunya<\/strong><\/span><\/p><\/div>\n\n\n\n<div class=\"wp-block-stackable-expand stk-block-expand stk-block stk-f9d8612\" data-block-id=\"f9d8612\"><div class=\"stk-inner-blocks stk-block-content\">\n<div class=\"wp-block-stackable-text stk-block-text stk-block stk-c0029ff stk-block-expand__short-text\" aria-hidden=\"false\" data-block-id=\"c0029ff\"><p class=\"stk-block-text__text\"><\/p><\/div>\n\n\n\n<div class=\"wp-block-stackable-button stk-block-button stk-block-expand__show-button stk-block stk-5089c51\" data-block-id=\"5089c51\"><style>.stk-5089c51 .stk-button{background:var(--theme-palette-color-2, #f7b500) !important;}<\/style><a aria-hidden=\"false\" role=\"button\" aria-expanded=\"false\" class=\"stk-link stk-button stk--hover-effect-darken\" href=\"#\"><span class=\"stk-button__inner-text\">Ver mais<\/span><\/a><\/div>\n\n\n\n<div class=\"wp-block-stackable-text stk-block-text stk-block stk-56ab007 stk-block-expand__more-text\" aria-hidden=\"true\" data-block-id=\"56ab007\"><p class=\"stk-block-text__text has-text-align-justify\">Doctora en Sociedad de la Informaci\u00f3n y el Conocimiento (2010) por la Universitat Oberta de Catalunya. Licenciada en Documentaci\u00f3n por la Universidad de Granada (1998) y en Filolog\u00eda Hisp\u00e1nica por la Universidad de Barcelona (1995).<br>Desde septiembre de 1999 es profesora agregada de los Estudios de Ciencias de la Informaci\u00f3n y de la Comunicaci\u00f3n de la Universitat Oberta de Catalunya. Durante estos a\u00f1os ha sido directora del programa de la Licenciatura en Documentaci\u00f3n y de distintos posgrados relacionados con los Social Media. Actualmente, es Vicedecana de Alianzas, Comunidad y Cultura de los Estudios de Ciencias de la Informaci\u00f3n y de la Comunicaci\u00f3n de la Universitat Oberta de Catalunya.<br>Como investigadora lleva m\u00e1s de quince a\u00f1os trabajando en torno al aprendizaje colaborativo, comunidades de aprendizaje y de pr\u00e1ctica, trabajo colaborativo e intercambio de conocimiento a trav\u00e9s de las redes sociales. Es miembro del grupo de investigaci\u00f3n GAME (Grupo de investigaci\u00f3n en Aprendizajes, Medios y Entretenimiento) reconocido como grupo consolidado por la AGAUR en 2017. Tambi\u00e9n es Miembro del Grupo ThinkEPI y colaboradora habitual del Anuario ThinkEPI. An\u00e1lisis de tendencias en informaci\u00f3n y comunicaci\u00f3n (2011- )<\/p><\/div>\n\n\n\n<div class=\"wp-block-stackable-button stk-block-button stk-block-expand__hide-button is-style-ghost stk-block stk-259c1fb\" data-block-id=\"259c1fb\"><style>.stk-259c1fb .stk-button{background:transparent !important;}.stk-259c1fb .stk-button:hover:after{background:transparent !important;opacity:1 !important;}:where(.stk-hover-parent:hover,  .stk-hover-parent.stk--is-hovered) .stk-259c1fb .stk-button:after{background:transparent !important;opacity:1 !important;}.stk-259c1fb .stk-button:before{border-style:solid !important;border-color:var(--theme-palette-color-2, #f7b500) !important;}.stk-259c1fb .stk-button .stk--inner-svg svg:last-child, .stk-259c1fb .stk-button .stk--inner-svg svg:last-child :is(g, path, rect, polygon, ellipse){fill:var(--theme-palette-color-2, #f7b500) !important;}.stk-259c1fb .stk-button__inner-text{color:var(--theme-palette-color-2, #f7b500) !important;}<\/style><a aria-hidden=\"true\" role=\"button\" aria-expanded=\"true\" class=\"stk-link stk-button stk--hover-effect-darken\" href=\"#\"><span class=\"has-text-color stk-button__inner-text\">Ver menos<\/span><\/a><\/div>\n<\/div><\/div>\n<\/div><\/div><\/div><\/div>\n<\/div><\/div><\/div>\n<\/div><\/div>\n\n\n\n<div class=\"wp-block-columns is-layout-flex wp-container-core-columns-is-layout-28f84493 wp-block-columns-is-layout-flex\">\n<div class=\"wp-block-column is-layout-flow wp-block-column-is-layout-flow\">\n<div class=\"wp-block-stackable-card stk-block-card stk-block stk-5b41117 is-style-default\" data-v=\"2\" data-block-id=\"5b41117\"><style>.stk-5b41117 .stk-block-card__image{height:320px !important;}<\/style><div class=\"stk--no-padding stk-container stk-5b41117-container stk-hover-parent\"><figure class=\"stk-block-card__image stk-img-wrapper stk-image--shape-stretch\"><img loading=\"lazy\" decoding=\"async\" class=\"stk-img wp-image-3317\" src=\"https:\/\/www.iscap.pt\/conferencias\/XI-EDICIC25\/wp-content\/uploads\/2025\/08\/Captura-de-ecra-2025-08-04-184350-1.png\" width=\"610\" height=\"502\" alt=\"Armando Malheiro da Silva\" srcset=\"https:\/\/www.iscap.pt\/conferencias\/XI-EDICIC25\/wp-content\/uploads\/2025\/08\/Captura-de-ecra-2025-08-04-184350-1.png 610w, https:\/\/www.iscap.pt\/conferencias\/XI-EDICIC25\/wp-content\/uploads\/2025\/08\/Captura-de-ecra-2025-08-04-184350-1-300x247.png 300w\" sizes=\"auto, (max-width: 610px) 100vw, 610px\" \/><\/figure><div class=\"stk-container-padding stk-block-card__content\"><div class=\"stk-block-content stk-inner-blocks stk-5b41117-inner-blocks\">\n<div class=\"wp-block-stackable-heading stk-block-heading stk-block-heading--v2 stk-block stk-0aef0ed\" id=\"armando-malheiro-da-silva\" data-block-id=\"0aef0ed\"><h2 class=\"stk-block-heading__text\">Armando Malheiro da Silva<\/h2><\/div>\n\n\n\n<div class=\"wp-block-stackable-subtitle stk-block-subtitle stk-block stk-cc38fe6\" data-block-id=\"cc38fe6\"><style>.stk-cc38fe6 .stk-block-subtitle__text{font-size:18px !important;}@media screen and (max-width:999px){.stk-cc38fe6 .stk-block-subtitle__text{font-size:18px !important;}}<\/style><p class=\"stk-block-subtitle__text stk-subtitle\"><strong>Catedr\u00e1tico del Departamento de Ciencias de la Comunicaci\u00f3n y de la Informaci\u00f3n de la Facultad de Letras de la Universidad de Oporto.<\/strong><\/p><\/div>\n\n\n\n<div class=\"wp-block-stackable-expand stk-block-expand stk-block stk-45ec270\" data-block-id=\"45ec270\"><div class=\"stk-inner-blocks stk-block-content\">\n<div class=\"wp-block-stackable-button stk-block-button stk-block-expand__show-button stk-block stk-53f8924\" data-block-id=\"53f8924\"><style>.stk-53f8924 .stk-button{background:var(--theme-palette-color-2, #f7b500) !important;}<\/style><a aria-hidden=\"false\" role=\"button\" aria-expanded=\"false\" class=\"stk-link stk-button stk--hover-effect-darken\" href=\"#\"><span class=\"stk-button__inner-text\">Ver m\u00e1s<\/span><\/a><\/div>\n\n\n\n<div class=\"wp-block-stackable-text stk-block-text stk-block stk-ea09238 stk-block-expand__more-text\" aria-hidden=\"true\" data-block-id=\"ea09238\"><p class=\"stk-block-text__text has-text-align-justify\">Se licenci\u00f3 en Filosof\u00eda por la Facultad de Filosof\u00eda de Braga de la Universidad Cat\u00f3lica Portuguesa y en Historia por la Facultad de Letras de la Universidad de Oporto. Obtuvo el diploma del curso de bibliotecario-archivero de la Facultad de Letras de la Universidad de Coimbra y, en 1999, se doctor\u00f3 en Historia Contempor\u00e1nea en la Universidad del Mi\u00f1o. Actualmente es catedr\u00e1tico del Departamento de Ciencias de la Comunicaci\u00f3n y de la Informaci\u00f3n de la Facultad de Letras de la Universidad de Oporto, donde imparte clases en el Grado en Ciencias de la Informaci\u00f3n y en el Programa de Doctorado en Informaci\u00f3n y Comunicaci\u00f3n en Plataformas Digitales. Ha repartido sus investigaciones y publicaciones por varias \u00e1reas cient\u00edficas, destacando la Historia Contempor\u00e1nea de Portugal y el campo interdisciplinario de las Ciencias de la Comunicaci\u00f3n y la Informaci\u00f3n con comunicaciones, art\u00edculos y edici\u00f3n de libros. Es investigador integrado del CITCEM de la Facultad de Letras de la Universidad de Oporto, Grupo de Investigaci\u00f3n Informaci\u00f3n, Comunicaci\u00f3n y Cultura Digital.<\/p><\/div>\n\n\n\n<div class=\"wp-block-stackable-button stk-block-button stk-block-expand__hide-button is-style-ghost stk-block stk-1ab4bbc\" data-block-id=\"1ab4bbc\"><style>.stk-1ab4bbc .stk-button{background:transparent !important;}.stk-1ab4bbc .stk-button:hover:after{background:transparent !important;opacity:1 !important;}:where(.stk-hover-parent:hover,  .stk-hover-parent.stk--is-hovered) .stk-1ab4bbc .stk-button:after{background:transparent !important;opacity:1 !important;}.stk-1ab4bbc .stk-button:before{border-style:solid !important;border-color:var(--theme-palette-color-2, #f7b500) !important;}.stk-1ab4bbc .stk-button__inner-text{color:var(--theme-palette-color-2, #f7b500) !important;}<\/style><a aria-hidden=\"true\" role=\"button\" aria-expanded=\"true\" class=\"stk-link stk-button stk--hover-effect-darken\" href=\"#\"><span class=\"has-text-color stk-button__inner-text\">Ver menos<\/span><\/a><\/div>\n<\/div><\/div>\n<\/div><\/div><\/div><\/div>\n<\/div>\n\n\n\n<div class=\"wp-block-column is-layout-flow wp-block-column-is-layout-flow\">\n<div class=\"wp-block-stackable-card stk-block-card stk-block stk-5c7af32 is-style-default\" data-v=\"2\" data-block-id=\"5c7af32\"><style>.stk-5c7af32 .stk-block-card__image{height:320px !important;}<\/style><div class=\"stk--no-padding stk-container stk-5c7af32-container stk-hover-parent\"><figure class=\"stk-block-card__image stk-img-wrapper stk-image--shape-stretch\"><img loading=\"lazy\" decoding=\"async\" class=\"stk-img wp-image-3511\" src=\"https:\/\/www.iscap.pt\/conferencias\/XI-EDICIC25\/wp-content\/uploads\/2025\/11\/Foto_Marta_Valentim_2-1.jpg\" width=\"315\" height=\"313\" alt=\"Armando Malheiro da Silva\" srcset=\"https:\/\/www.iscap.pt\/conferencias\/XI-EDICIC25\/wp-content\/uploads\/2025\/11\/Foto_Marta_Valentim_2-1.jpg 315w, https:\/\/www.iscap.pt\/conferencias\/XI-EDICIC25\/wp-content\/uploads\/2025\/11\/Foto_Marta_Valentim_2-1-300x298.jpg 300w, https:\/\/www.iscap.pt\/conferencias\/XI-EDICIC25\/wp-content\/uploads\/2025\/11\/Foto_Marta_Valentim_2-1-150x150.jpg 150w\" sizes=\"auto, (max-width: 315px) 100vw, 315px\" \/><\/figure><div class=\"stk-container-padding stk-block-card__content\"><div class=\"stk-block-content stk-inner-blocks stk-5c7af32-inner-blocks\">\n<div class=\"wp-block-stackable-heading stk-block-heading stk-block-heading--v2 stk-block stk-5d8b08a\" id=\"marta-ligia-pomim-valentim\" data-block-id=\"5d8b08a\"><h2 class=\"stk-block-heading__text\">Marta Ligia Pomim Valentim<\/h2><\/div>\n\n\n\n<div class=\"wp-block-stackable-subtitle stk-block-subtitle stk-block stk-39444d5\" data-block-id=\"39444d5\"><style>.stk-39444d5 .stk-block-subtitle__text{font-size:18px !important;}@media screen and (max-width:999px){.stk-39444d5 .stk-block-subtitle__text{font-size:18px !important;}}<\/style><p class=\"stk-block-subtitle__text stk-subtitle\"><strong>Presidente de la Asociaci\u00f3n EDICIC<\/strong><\/p><\/div>\n\n\n\n<div class=\"wp-block-stackable-expand stk-block-expand stk-block stk-f6b5467\" data-block-id=\"f6b5467\"><div class=\"stk-inner-blocks stk-block-content\">\n<div class=\"wp-block-stackable-button stk-block-button stk-block-expand__show-button stk-block stk-9f16de3\" data-block-id=\"9f16de3\"><style>.stk-9f16de3 .stk-button{background:var(--theme-palette-color-2, #f7b500) !important;}<\/style><a aria-hidden=\"false\" role=\"button\" aria-expanded=\"false\" class=\"stk-link stk-button stk--hover-effect-darken\" href=\"#\"><span class=\"stk-button__inner-text\">Ver m\u00e1s<\/span><\/a><\/div>\n\n\n\n<div class=\"wp-block-stackable-text stk-block-text stk-block stk-6be6fee stk-block-expand__more-text\" aria-hidden=\"true\" data-block-id=\"6be6fee\"><p class=\"stk-block-text__text has-text-align-justify\">Profesora titular de la Universidad Estatal Paulista (Unesp), tiene un posdoctorado por la Universidad de Salamanca (USAL), Espa\u00f1a, y es profesora libre-docente en Informaci\u00f3n, Conocimiento e Inteligencia Organizacional por la Unesp. Doctora en Ciencias de la Comunicaci\u00f3n por la Universidad de S\u00e3o Paulo (USP) y m\u00e1ster por la Pontificia Universidad Cat\u00f3lica de Campinas (PUC-Campinas), es profesora permanente del Programa de Posgrado en Ciencias de la Informaci\u00f3n de la Unesp.<br>Coordina el proyecto de investigaci\u00f3n \u00abInteligencia organizacional e inteligencia social en el contexto del big data: an\u00e1lisis de datos para la generaci\u00f3n de diferenciales competitivos\u00bb, orientado a la integraci\u00f3n de tecnolog\u00edas emergentes en la gesti\u00f3n de la informaci\u00f3n. Es presidenta de la Asociaci\u00f3n de Educaci\u00f3n e Investigaci\u00f3n en Ciencia de la Informaci\u00f3n de Iberoam\u00e9rica y el Caribe (EDICIC), gesti\u00f3n 2021-2025, y coordinadora del Grupo de Trabajo Gesti\u00f3n de la Informaci\u00f3n y el Conocimiento (GT-4) de ANCIB. Ha sido supervisora del Instituto de Pol\u00edticas P\u00fablicas de Mar\u00edlia (IPPMAR), gesti\u00f3n 2021-2023, y coordinadora del Programa de Posgrado en Ciencia de la Informaci\u00f3n de la Unesp (2017-2021). Fue presidenta de ABECIN (2016-2019) y vicepresidenta de EDICIC (2009-2011), adem\u00e1s de desempe\u00f1ar funciones de liderazgo en diversas asociaciones cient\u00edficas desde 1992.<br>Con una amplia experiencia acad\u00e9mica e institucional, destaca por la publicaci\u00f3n de libros y art\u00edculos en revistas cient\u00edficas, contribuyendo al avance de la Ciencia de la Informaci\u00f3n desde la perspectiva de la gesti\u00f3n del conocimiento y la inteligencia organizacional. Su trayectoria evidencia su compromiso con la investigaci\u00f3n, la formaci\u00f3n de recursos humanos y la articulaci\u00f3n internacional en el \u00e1rea de la Ciencia de la Informaci\u00f3n.<\/p><\/div>\n\n\n\n<div class=\"wp-block-stackable-button stk-block-button stk-block-expand__hide-button is-style-ghost stk-block stk-3f8f072\" data-block-id=\"3f8f072\"><style>.stk-3f8f072 .stk-button{background:transparent !important;}.stk-3f8f072 .stk-button:hover:after{background:transparent !important;opacity:1 !important;}:where(.stk-hover-parent:hover,  .stk-hover-parent.stk--is-hovered) .stk-3f8f072 .stk-button:after{background:transparent !important;opacity:1 !important;}.stk-3f8f072 .stk-button:before{border-style:solid !important;border-color:var(--theme-palette-color-2, #f7b500) !important;}.stk-3f8f072 .stk-button__inner-text{color:var(--theme-palette-color-2, #f7b500) !important;}<\/style><a aria-hidden=\"true\" role=\"button\" aria-expanded=\"true\" class=\"stk-link stk-button stk--hover-effect-darken\" href=\"#\"><span class=\"has-text-color stk-button__inner-text\">Ver menos<\/span><\/a><\/div>\n<\/div><\/div>\n<\/div><\/div><\/div><\/div>\n<\/div>\n\n\n\n<div class=\"wp-block-column is-layout-flow wp-block-column-is-layout-flow\"><\/div>\n<\/div>\n\n\n\n<p><\/p>\n\n\n\n<p class=\"has-large-font-size\"><strong><span style=\"color: #000000c7;\" class=\"stk-highlight\">Moderaci\u00f3n<\/span><\/strong> <span style=\"color: #000000c7;\" class=\"stk-highlight\"><strong>Tabla Redonda<\/strong><\/span><\/p>\n\n\n\n<div class=\"wp-block-stackable-columns stk-block-columns stk-block stk-08304ea\" data-block-id=\"08304ea\"><style>.stk-08304ea {margin-bottom:40px !important;}<\/style><div class=\"stk-row stk-inner-blocks stk-block-content stk-content-align stk-08304ea-column\">\n<div class=\"wp-block-stackable-column stk-block-column stk-column stk-block stk-1ec1fb5\" data-v=\"4\" data-block-id=\"1ec1fb5\"><div class=\"stk-column-wrapper stk-block-column__content stk-container stk-1ec1fb5-container stk--no-background stk--no-padding\"><div class=\"stk-block-content stk-inner-blocks stk-1ec1fb5-inner-blocks\">\n<div class=\"wp-block-stackable-card stk-block-card stk-block stk-8d57021 is-style-default\" data-v=\"2\" data-block-id=\"8d57021\"><style>.stk-8d57021 .stk-block-card__image{height:320px !important;}<\/style><div class=\"stk--no-padding stk-container stk-8d57021-container stk-hover-parent\"><figure class=\"stk-block-card__image stk-img-wrapper stk-image--shape-stretch\"><img loading=\"lazy\" decoding=\"async\" class=\"stk-img wp-image-2736\" src=\"https:\/\/www.iscap.pt\/conferencias\/XI-EDICIC25\/wp-content\/uploads\/2025\/03\/teresa-silveira-2.jpg\" width=\"200\" height=\"182\"\/><\/figure><div class=\"stk-container-padding stk-block-card__content\"><div class=\"stk-block-content stk-inner-blocks stk-8d57021-inner-blocks\">\n<div class=\"wp-block-stackable-heading stk-block-heading stk-block-heading--v2 stk-block stk-c628847\" id=\"teresa-silveira\" data-block-id=\"c628847\"><h2 class=\"stk-block-heading__text\">Teresa Silveira<\/h2><\/div>\n\n\n\n<div class=\"wp-block-stackable-subtitle stk-block-subtitle stk-block stk-f374cfd\" data-block-id=\"f374cfd\"><style>.stk-f374cfd .stk-block-subtitle__text{font-size:18px !important;}@media screen and (max-width:999px){.stk-f374cfd .stk-block-subtitle__text{font-size:18px !important;}}<\/style><p class=\"stk-block-subtitle__text stk-subtitle\"><strong>Profesora Adjunta de la Facultad de Letras de la Universidad de Oporto \/ Departamento de Comunicaci\u00f3n e Informaci\u00f3n | Investigadora del CITCEM<\/strong><\/p><\/div>\n\n\n\n<div class=\"wp-block-stackable-expand stk-block-expand stk-block stk-c5f619e\" data-block-id=\"c5f619e\"><div class=\"stk-inner-blocks stk-block-content\">\n<div class=\"wp-block-stackable-text stk-block-text stk-block stk-27201a0 stk-block-expand__short-text\" aria-hidden=\"false\" data-block-id=\"27201a0\"><p class=\"stk-block-text__text\"><\/p><\/div>\n\n\n\n<div class=\"wp-block-stackable-button stk-block-button stk-block-expand__show-button stk-block stk-a1c1c0d\" data-block-id=\"a1c1c0d\"><style>.stk-a1c1c0d .stk-button{background:#000000c7 !important;}<\/style><a aria-hidden=\"false\" role=\"button\" aria-expanded=\"false\" class=\"stk-link stk-button stk--hover-effect-darken\" href=\"#\"><span class=\"stk-button__inner-text\">Ver m\u00e1s<\/span><\/a><\/div>\n\n\n\n<div class=\"wp-block-stackable-text stk-block-text stk-block stk-620f541 stk-block-expand__more-text\" aria-hidden=\"true\" data-block-id=\"620f541\"><p class=\"stk-block-text__text has-text-align-justify\">Licenciada en Historia &#8211; Rama Educativa &#8211; por la Facultad de Letras de la Universidad de Oporto, postgrado y m\u00e1ster por la Facultad de Filosof\u00eda de la Universidad Cat\u00f3lica Portuguesa, en Ciencias de la Informaci\u00f3n y Documentaci\u00f3n. Es Doctora en Informaci\u00f3n y Comunicaci\u00f3n en Plataformas Digitales por la Facultad de Letras de la Universidad de Oporto y el Departamento de Comunicaci\u00f3n y Arte de la Universidad de Aveiro. Ambas tesis exploran la relaci\u00f3n entre el desarrollo del aprendizaje cerebral y el comportamiento informativo. En particular, su tesis doctoral titulada: <em>Nativos e inmigrantes digitales: similitudes y diferencias en el cerebro lector<\/em> fue el resultado de un trabajo interdisciplinar entre la Ciencia de la Informaci\u00f3n y la Neuroimagen. Esta sigue siendo una de sus principales \u00e1reas de inter\u00e9s e investigaci\u00f3n, a la que a\u00f1ade la Gesti\u00f3n de la Informaci\u00f3n.<br>Actualmente es Profesora Adjunta en la FLUP, perteneciente al Departamento de Comunicaci\u00f3n e Informaci\u00f3n, y tambi\u00e9n es investigadora integrada en el CITCEM &#8211; Centro de Investigaci\u00f3n Transdisciplinar en Cultura, Espacio y Memoria.<br>Desde 2024, es miembro del Comit\u00e9 Cient\u00edfico del M\u00e1ster en Ciencias de la Informaci\u00f3n.<br>Antes de emprender una carrera acad\u00e9mica, Teresa Silveira ten\u00eda experiencia profesional, tanto en contextos p\u00fablicos como privados, en el campo de las Ciencias de la Informaci\u00f3n. Primero como responsable del centro de documentaci\u00f3n del Sindicato de Profesores de la Zona Norte, seguida de su papel como formadora en el programa Itinerancias de la Direcci\u00f3n General del Libro y Bibliotecas; consultor\u00eda en la Administraci\u00f3n Regional de Salud del Norte, en el desarrollo de la Oficina del Conocimiento, culminando en su papel como gestora global de informaci\u00f3n cient\u00edfica en BIAL.<br>&nbsp;<\/p><\/div>\n\n\n\n<div class=\"wp-block-stackable-button stk-block-button stk-block-expand__hide-button is-style-ghost stk-block stk-39dc9fe\" data-block-id=\"39dc9fe\"><style>.stk-39dc9fe .stk-button{background:transparent !important;}.stk-39dc9fe .stk-button:hover:after{background:transparent !important;opacity:1 !important;}:where(.stk-hover-parent:hover,  .stk-hover-parent.stk--is-hovered) .stk-39dc9fe .stk-button:after{background:transparent !important;opacity:1 !important;}.stk-39dc9fe .stk-button:before{border-style:solid !important;border-color:#000000c7 !important;}.stk-39dc9fe .stk-button .stk--inner-svg svg:last-child, .stk-39dc9fe .stk-button .stk--inner-svg svg:last-child :is(g, path, rect, polygon, ellipse){fill:#000000c7 !important;}.stk-39dc9fe .stk-button__inner-text{color:#000000c7 !important;}<\/style><a aria-hidden=\"true\" role=\"button\" aria-expanded=\"true\" class=\"stk-link stk-button stk--hover-effect-darken\" href=\"#\"><span class=\"has-text-color stk-button__inner-text\">Ver menos<\/span><\/a><\/div>\n<\/div><\/div>\n<\/div><\/div><\/div><\/div>\n<\/div><\/div><\/div>\n\n\n\n<div class=\"wp-block-stackable-column stk-block-column stk-column stk-block stk-95e427e\" data-v=\"4\" data-block-id=\"95e427e\"><div class=\"stk-column-wrapper stk-block-column__content stk-container stk-95e427e-container stk--no-background stk--no-padding\"><div class=\"stk-block-content stk-inner-blocks stk-95e427e-inner-blocks\"><\/div><\/div><\/div>\n\n\n\n<div class=\"wp-block-stackable-column stk-block-column stk-column stk-block stk-d7a2a79\" data-v=\"4\" data-block-id=\"d7a2a79\"><div class=\"stk-column-wrapper stk-block-column__content stk-container stk-d7a2a79-container stk--no-background stk--no-padding\"><div class=\"stk-block-content stk-inner-blocks stk-d7a2a79-inner-blocks\"><\/div><\/div><\/div>\n<\/div><\/div>\n\n\n\n<p class=\"has-large-font-size\"><strong><span style=\"color: var(--theme-palette-color-3, #687279);\" class=\"stk-highlight\">Sesi\u00f3n de Clausura<\/span><\/strong><\/p>\n\n\n\n<div class=\"wp-block-stackable-columns stk-block-columns stk-block stk-b9f2fdc\" data-block-id=\"b9f2fdc\"><style>.stk-b9f2fdc {margin-bottom:30px !important;}<\/style><div class=\"stk-row stk-inner-blocks stk-block-content stk-content-align stk-b9f2fdc-column\">\n<div class=\"wp-block-stackable-column stk-block-column stk-column stk-block stk-c7772ac\" data-v=\"4\" data-block-id=\"c7772ac\"><div class=\"stk-column-wrapper stk-block-column__content stk-container stk-c7772ac-container stk--no-background stk--no-padding\"><div class=\"stk-block-content stk-inner-blocks stk-c7772ac-inner-blocks\">\n<div class=\"wp-block-stackable-card stk-block-card stk-block stk-f826275 is-style-default\" data-v=\"2\" data-block-id=\"f826275\"><style>.stk-f826275 .stk-block-card__image{height:320px !important;}<\/style><div class=\"stk--no-padding stk-container stk-f826275-container stk-hover-parent\"><figure class=\"stk-block-card__image stk-img-wrapper stk-image--shape-stretch\"><img loading=\"lazy\" decoding=\"async\" class=\"stk-img wp-image-3078\" src=\"https:\/\/www.iscap.pt\/conferencias\/XI-EDICIC25\/wp-content\/uploads\/2025\/06\/2505-1.jpg\" width=\"1234\" height=\"1234\" alt=\"Llu\u00eds M. Anglada y de Ferrer\" srcset=\"https:\/\/www.iscap.pt\/conferencias\/XI-EDICIC25\/wp-content\/uploads\/2025\/06\/2505-1.jpg 1234w, https:\/\/www.iscap.pt\/conferencias\/XI-EDICIC25\/wp-content\/uploads\/2025\/06\/2505-1-300x300.jpg 300w, https:\/\/www.iscap.pt\/conferencias\/XI-EDICIC25\/wp-content\/uploads\/2025\/06\/2505-1-1024x1024.jpg 1024w, https:\/\/www.iscap.pt\/conferencias\/XI-EDICIC25\/wp-content\/uploads\/2025\/06\/2505-1-150x150.jpg 150w, https:\/\/www.iscap.pt\/conferencias\/XI-EDICIC25\/wp-content\/uploads\/2025\/06\/2505-1-768x768.jpg 768w\" sizes=\"auto, (max-width: 1234px) 100vw, 1234px\" \/><\/figure><div class=\"stk-container-padding stk-block-card__content\"><div class=\"stk-block-content stk-inner-blocks stk-f826275-inner-blocks\">\n<div class=\"wp-block-stackable-heading stk-block-heading stk-block-heading--v2 stk-block stk-4105dd2\" id=\"lluis-m-anglada-y-de-ferrer\" data-block-id=\"4105dd2\"><h2 class=\"stk-block-heading__text\">Llu\u00eds M. Anglada y de Ferrer<\/h2><\/div>\n\n\n\n<div class=\"wp-block-stackable-subtitle stk-block-subtitle stk-block stk-df47001\" data-block-id=\"df47001\"><style>.stk-df47001 .stk-block-subtitle__text{font-size:18px !important;}@media screen and (max-width:999px){.stk-df47001 .stk-block-subtitle__text{font-size:18px !important;}}<\/style><p class=\"stk-block-subtitle__text stk-subtitle\"><strong>Asesor en Ciencia Abierta en el CSUC (Consorcio de Servicios de la Universidad de Catalu\u00f1a)<\/strong><\/p><\/div>\n\n\n\n<div class=\"wp-block-stackable-expand stk-block-expand stk-block stk-f68389a\" data-block-id=\"f68389a\"><div class=\"stk-inner-blocks stk-block-content\">\n<div class=\"wp-block-stackable-text stk-block-text stk-block stk-6e1d96a stk-block-expand__short-text\" aria-hidden=\"false\" data-block-id=\"6e1d96a\"><p class=\"stk-block-text__text\"><\/p><\/div>\n\n\n\n<div class=\"wp-block-stackable-button stk-block-button stk-block-expand__show-button stk-block stk-c12bf91\" data-block-id=\"c12bf91\"><style>.stk-c12bf91 .stk-button{background:var(--theme-palette-color-3, #687279) !important;}<\/style><a aria-hidden=\"false\" role=\"button\" aria-expanded=\"false\" class=\"stk-link stk-button stk--hover-effect-darken\" href=\"#\"><span class=\"stk-button__inner-text\">Ver m\u00e1s<\/span><\/a><\/div>\n\n\n\n<div class=\"wp-block-stackable-text stk-block-text stk-block stk-2d5fad2 stk-block-expand__more-text\" aria-hidden=\"true\" data-block-id=\"2d5fad2\"><p class=\"stk-block-text__text has-text-align-justify\">Fue director de las \u00e1reas de Bibliotecas y Documentaci\u00f3n y de Ciencia Abierta de lo Consorcio de Servicios de la Universidad de Catalu\u00f1a. Fue fundador y director del CBUC (Consorcio de Bibliotecas de las Universidades de Catalu\u00f1a), director las bibliotecas de la Universidad Polit\u00e9cnica de Catalu\u00f1a y profesor en la Facultad de Biblioteconom\u00eda de la Universidad de Barcelona.<br>Ha sido miembro de comit\u00e9s ejecutivos y comisiones de asociaciones profesionales a nivel internacional (SPARC E<em>urope Board<\/em>, LIBER <em>Executive Board<\/em>, OCLC\u2019s <em>Global Council<\/em>), espa\u00f1ol (presidente de la comisi\u00f3n de calidad de bibliotecas de ANECA, secretariado de Rebiun, vicepresidente del Colegio Oficial de Bibliotecaris de Catalu\u00f1a) y de comit\u00e9s asesores de editoriales comerciales (ProQuest, Wiley, Nature\u2026).<br>Ha publicado unos 100 art\u00edculos y cap\u00edtulos de libros, y obtuvo el premio SCImago-EPI para el mejor art\u00edculo publicado en El Profesional de la informaci\u00f3n (EPI) durante el per\u00edodo 2012-2016.<br>M\u00e1s informaci\u00f3n en: <a href=\"https:\/\/orcid.org\/0000-0002-6384-4927\" target=\"_blank\" rel=\"noreferrer noopener\">https:\/\/orcid.org\/0000-0002-6384-4927<\/a>.<br>&nbsp;<\/p><\/div>\n\n\n\n<div class=\"wp-block-stackable-button stk-block-button stk-block-expand__hide-button is-style-ghost stk-block stk-a52f3ae\" data-block-id=\"a52f3ae\"><style>.stk-a52f3ae .stk-button{background:transparent !important;}.stk-a52f3ae .stk-button:hover:after{background:transparent !important;opacity:1 !important;}:where(.stk-hover-parent:hover,  .stk-hover-parent.stk--is-hovered) .stk-a52f3ae .stk-button:after{background:transparent !important;opacity:1 !important;}.stk-a52f3ae .stk-button:before{border-style:solid !important;border-color:var(--theme-palette-color-3, #687279) !important;}.stk-a52f3ae .stk-button .stk--inner-svg svg:last-child, .stk-a52f3ae .stk-button .stk--inner-svg svg:last-child :is(g, path, rect, polygon, ellipse){fill:#000000c7 !important;}.stk-a52f3ae .stk-button__inner-text{color:var(--theme-palette-color-3, #687279) !important;}<\/style><a aria-hidden=\"true\" role=\"button\" aria-expanded=\"true\" class=\"stk-link stk-button stk--hover-effect-darken\" href=\"#\"><span class=\"has-text-color stk-button__inner-text\">Ver menos<\/span><\/a><\/div>\n<\/div><\/div>\n<\/div><\/div><\/div><\/div>\n<\/div><\/div><\/div>\n\n\n\n<div class=\"wp-block-stackable-column stk-block-column stk-column stk-block stk-a19d471\" data-v=\"4\" data-block-id=\"a19d471\"><style>.stk-a19d471-container{margin-top:12px !important;margin-right:12px !important;margin-bottom:12px !important;margin-left:12px !important;}<\/style><div class=\"stk-column-wrapper stk-block-column__content stk-container stk-a19d471-container stk--no-background stk--no-padding\"><div class=\"stk-block-content stk-inner-blocks stk-a19d471-inner-blocks\">\n<div class=\"wp-block-stackable-card stk-block-card stk-block stk-581f104 is-style-default-2\" data-v=\"2\" data-block-id=\"581f104\"><style>.stk-581f104 .stk-block-card__image{height:320px !important;}<\/style><div class=\"stk--no-padding stk-container stk-581f104-container stk-hover-parent\"><figure class=\"stk-block-card__image stk-img-wrapper stk-image--shape-stretch\"><img loading=\"lazy\" decoding=\"async\" class=\"stk-img wp-image-2618\" src=\"https:\/\/www.iscap.pt\/conferencias\/XI-EDICIC25\/wp-content\/uploads\/2025\/03\/Pedro-Penteado.jpg\" width=\"553\" height=\"579\" alt=\"Pedro Penteado - Orador EDICIC Ib\u00e9rico 2025\" srcset=\"https:\/\/www.iscap.pt\/conferencias\/XI-EDICIC25\/wp-content\/uploads\/2025\/03\/Pedro-Penteado.jpg 553w, https:\/\/www.iscap.pt\/conferencias\/XI-EDICIC25\/wp-content\/uploads\/2025\/03\/Pedro-Penteado-287x300.jpg 287w\" sizes=\"auto, (max-width: 553px) 100vw, 553px\" \/><\/figure><div class=\"stk-container-padding stk-block-card__content\"><div class=\"stk-block-content stk-inner-blocks stk-581f104-inner-blocks\">\n<div class=\"wp-block-stackable-heading stk-block-heading stk-block-heading--v2 stk-block stk-533984c\" id=\"pedro-penteado\" data-block-id=\"533984c\"><h2 class=\"stk-block-heading__text\">Pedro Penteado<\/h2><\/div>\n\n\n\n<div class=\"wp-block-stackable-text stk-block-text stk-block stk-4e5b90d\" data-block-id=\"4e5b90d\"><style>.stk-4e5b90d .stk-block-text__text{font-size:18px !important;}@media screen and (max-width:999px){.stk-4e5b90d .stk-block-text__text{font-size:18px !important;}}<\/style><p class=\"stk-block-text__text has-text-align-justify\"><span style=\"color: #000000c7;\" class=\"stk-highlight\"><strong>Director de los Servicios de Archivo y Normalizaci\u00f3n de la Direcci\u00f3n General del Libro, Archivos y Bibliotecas (DGLAB) (Portugal)<\/strong><\/span><\/p><\/div>\n\n\n\n<div class=\"wp-block-stackable-columns alignfull stk-block-columns stk-block stk-b441b3c\" data-block-id=\"b441b3c\"><style>.stk-b441b3c .stk--block-align-b441b3c{align-items:center !important;}<\/style><div class=\"stk-row stk-inner-blocks stk--block-align-b441b3c stk-block-content stk-content-align stk-b441b3c-column alignfull\">\n<div class=\"wp-block-stackable-column stk-block-column stk-column stk-block stk-6fecb61\" data-v=\"4\" data-block-id=\"6fecb61\"><style>.stk-6fecb61-container{margin-top:0px !important;margin-right:0px !important;margin-bottom:0px !important;margin-left:0px !important;}<\/style><div class=\"stk-column-wrapper stk-block-column__content stk-container stk-6fecb61-container stk--no-background stk--no-padding\"><div class=\"stk-block-content stk-inner-blocks stk-6fecb61-inner-blocks\">\n<div class=\"wp-block-stackable-expand stk-block-expand stk-block stk-88b2cda\" data-block-id=\"88b2cda\"><div class=\"stk-inner-blocks stk-block-content\">\n<div class=\"wp-block-stackable-text stk-block-text stk-block stk-c424edb stk-block-expand__short-text\" aria-hidden=\"false\" data-block-id=\"c424edb\"><p class=\"stk-block-text__text\"><\/p><\/div>\n\n\n\n<div class=\"wp-block-stackable-button stk-block-button stk-block-expand__show-button stk-block stk-28d5522\" data-block-id=\"28d5522\"><style>.stk-28d5522 .stk-button{background:var(--theme-palette-color-3, #687279) !important;}<\/style><a aria-hidden=\"false\" role=\"button\" aria-expanded=\"false\" class=\"stk-link stk-button stk--hover-effect-darken\" href=\"#\"><span class=\"stk-button__inner-text\">Ver m\u00e1s<\/span><\/a><\/div>\n\n\n\n<div class=\"wp-block-stackable-text stk-block-text stk-block stk-3f957f8 stk-block-expand__more-text\" aria-hidden=\"true\" data-block-id=\"3f957f8\"><p class=\"stk-block-text__text has-text-align-justify\">En la DGLAB, coordin\u00f3 t\u00e9cnicamente los trabajos de elaboraci\u00f3n de la propuesta de un nuevo \u00abMarco Legal para la Clasificaci\u00f3n y Valoraci\u00f3n de la Informaci\u00f3n Archiv\u00edstica\u00bb y un \u00abReglamento General\u00bb complementario, considerados legislaci\u00f3n esencial para el proceso de desmaterializaci\u00f3n en curso en el pa\u00eds.<br>Tambi\u00e9n coordin\u00f3 la redacci\u00f3n de las \u00abDirectrices para la revisi\u00f3n de la legislaci\u00f3n en materia archiv\u00edstica en el contexto de la Resoluci\u00f3n 51\/2017 del Consejo de Ministros (\u00bbDocumento Cero&#8221;).<br>Fue el principal responsable t\u00e9cnico del Proyecto M51-CLAV &#8211; Plataforma modular de clasificaci\u00f3n y evaluaci\u00f3n de la informaci\u00f3n archiv\u00edstica, desarrollado en el marco del Sistema de Apoyo a la Modernizaci\u00f3n Administrativa (SAMA), que ten\u00eda como objetivo implementar la medida 107 del programa de gobierno Simplex +\/2017, titulada \u00abArchivo digital\u00bb.<br>Ha representado a la DGLAB en el Grupo de Interoperabilidad Documental del CTIC en el marco de los trabajos sobre el Modelo Can\u00f3nico de Datos para la Plataforma de Interoperabilidad de las Administraciones P\u00fablicas (iAP).<br>Es responsable de la coordinaci\u00f3n del Programa de Administraci\u00f3n Electr\u00f3nica e Interoperabilidad Sem\u00e1ntica (PAEIS) y de la Macroestructura Funcional (MEF). En el marco de la elaboraci\u00f3n de esta herramienta de clasificaci\u00f3n transversal, coordin\u00f3 el Equipo de Seguimiento del Proyecto de Encuesta de Procesos de la Administraci\u00f3n Central del Estado. Fue coordinador del documento metodol\u00f3gico de la DGLAB sobre evaluaci\u00f3n superinstitucional de la informaci\u00f3n archiv\u00edstica.<br>Coordin\u00f3 las directrices de gesti\u00f3n de documentos y archivos electr\u00f3nicos para los despachos ministeriales (2023-2024).<br>Coordin\u00f3 el diagn\u00f3stico de la situaci\u00f3n de los archivos de las secretar\u00edas generales en el marco de la planificaci\u00f3n de su traslado al Campus APP (2023-2024), as\u00ed como el diagn\u00f3stico de la situaci\u00f3n archiv\u00edstica del Estado, en el marco de la medida 15 de la Resoluci\u00f3n 12\/2012 del Consejo de Ministros.<br>Coordin\u00f3 las \u00abDirectrices para la gesti\u00f3n de los documentos de archivo en el contexto de una reestructuraci\u00f3n de la Administraci\u00f3n Central del Estado\u00bb (1\u00aa y 2\u00aa ediciones).<br>Responsable de la coordinaci\u00f3n del programa de auditor\u00eda de sistemas de archivo de la DGLAB desde 2008.<br>Form\u00f3 parte del equipo t\u00e9cnico que desarroll\u00f3 el proyecto \u00abTT online\u00bb, pionero en la digitalizaci\u00f3n y webizaci\u00f3n de contenidos en el Archivo Nacional de Torre do Tombo. Form\u00f3 parte de los grupos de trabajo para las \u00abDirectrices para la Descripci\u00f3n Archiv\u00edstica\u00bb (ODA) y para la modelizaci\u00f3n de la Red Portuguesa de Archivos y del Portal Portugu\u00e9s de Archivos. Representa al DGLAB en la comisi\u00f3n permanente del Comit\u00e9 T\u00e9cnico de Normalizaci\u00f3n en Informaci\u00f3n y Documentaci\u00f3n (CT7) del Instituto Portugu\u00e9s de Calidad.<br>Es miembro del Grupo de Trabajo sobre Gesti\u00f3n y Preservaci\u00f3n de Documentos Electr\u00f3nicos (GTGPDE) de la Asociaci\u00f3n Latinoamericana de Archivos (ALA), donde coordina la \u00abGu\u00eda de Preservaci\u00f3n Digital\u00bb con Raquel Uma\u00f1a (Universidad de Costa Rica).<br>Algunos de sus trabajos incluyen \u00abDise\u00f1ando nuevas pol\u00edticas para valorizar y preservar la informaci\u00f3n digital: propuestas de la DGLAB para un Marco Legal\u00bb, presentado en el \u00abEncuentro Nacional de Preservaci\u00f3n Digital\u00bb (2023) (ver https:\/\/www.keep.pt\/wp-content\/uploads\/2022\/11\/01-Legislacao-Pedro-Penteado.pdf ).<br>Colabora con el Instituto Nacional de Archivos de Cabo Verde, habiendo desempe\u00f1ado un papel activo en la elaboraci\u00f3n de un diagn\u00f3stico de la situaci\u00f3n de los archivos del pa\u00eds y de una propuesta de diploma normativo en el \u00e1mbito de la gesti\u00f3n de documentos.<br>Es M\u00e1ster en Documentaci\u00f3n por la Universidad de Alcal\u00e1 (Espa\u00f1a). Es doctorando en Ciencias de la Informaci\u00f3n por la Universidad de Coimbra, donde realiza una investigaci\u00f3n sobre la evaluaci\u00f3n de las pol\u00edticas p\u00fablicas de archivos en Portugal.<br>Ha sido profesor invitado en diversos cursos en el \u00e1mbito de la Documentaci\u00f3n\/Ciencias de la Informaci\u00f3n en la Universidad Aut\u00f3noma de Lisboa, la Universidad Cat\u00f3lica Portuguesa, el Instituto Superior de Lenguas y Administraci\u00f3n de Lisboa y la Nueva Universidad de Lisboa (UNL). Actualmente colabora con la Porto Executive Academy (PEA), la escuela de negocios del ISCAP &#8211; Instituto Superior de Contabilidade e Administra\u00e7\u00e3o do Porto.<br>Es formador en gesti\u00f3n de la informaci\u00f3n en el Instituto Nacional de Administraci\u00f3n desde 2003, habiendo impartido clases en Portugal y Cabo Verde.<br>Es investigador del Centro de Historia, Territorios y Comunidades &#8211; CFE NOVA FCSH, del Centro de Estudios Interdisciplinares del Siglo XX de la Universidad de Coimbra y del Centro de Estudios de Historia Religiosa de la Universidad Cat\u00f3lica Portuguesa.<br>Form\u00f3 parte del comit\u00e9 organizador de los encuentros sobre Archivos Universitarios (2013), Archivos Cient\u00edficos (2014), Archivos de la Administraci\u00f3n P\u00fablica (2015) y Curadur\u00eda Digital (2016) del Instituto de Historia Contempor\u00e1nea de la UNL. Entre otras cosas, es miembro del comit\u00e9 cient\u00edfico de los Congresos Nacionales de Bibliotecarios, Archiveros y Documentalistas desde 2003.<\/p><\/div>\n\n\n\n<div class=\"wp-block-stackable-button stk-block-button stk-block-expand__hide-button is-style-ghost stk-block stk-169619d\" data-block-id=\"169619d\"><style>.stk-169619d .stk-button{background:transparent !important;}.stk-169619d .stk-button:hover:after{background:transparent !important;opacity:1 !important;}:where(.stk-hover-parent:hover,  .stk-hover-parent.stk--is-hovered) .stk-169619d .stk-button:after{background:transparent !important;opacity:1 !important;}.stk-169619d .stk-button:before{border-style:solid !important;border-color:var(--theme-palette-color-3, #687279) !important;}.stk-169619d .stk-button__inner-text{color:var(--theme-palette-color-3, #687279) !important;}<\/style><a aria-hidden=\"true\" role=\"button\" aria-expanded=\"true\" class=\"stk-link stk-button stk--hover-effect-darken\" href=\"#\"><span class=\"has-text-color stk-button__inner-text\">Ver menos<\/span><\/a><\/div>\n<\/div><\/div>\n<\/div><\/div><\/div>\n<\/div><\/div>\n<\/div><\/div><\/div><\/div>\n<\/div><\/div><\/div>\n\n\n\n<div class=\"wp-block-stackable-column stk-block-column stk-column stk-block stk-0340fef\" data-v=\"4\" data-block-id=\"0340fef\"><div class=\"stk-column-wrapper stk-block-column__content stk-container stk-0340fef-container stk--no-background stk--no-padding\"><div class=\"stk-block-content stk-inner-blocks stk-0340fef-inner-blocks\"><\/div><\/div><\/div>\n<\/div><\/div>\n\n\n\n<p class=\"has-large-font-size\"><span style=\"color: #000000c7;\" class=\"stk-highlight\"><strong>Moderaci\u00f3n Sesi\u00f3n de Clausura<\/strong><\/span><\/p>\n\n\n\n<div class=\"wp-block-columns is-layout-flex wp-container-core-columns-is-layout-28f84493 wp-block-columns-is-layout-flex\">\n<div class=\"wp-block-column is-layout-flow wp-block-column-is-layout-flow\">\n<div class=\"wp-block-stackable-card stk-block-card stk-block stk-bb77715 is-style-default\" data-v=\"2\" data-block-id=\"bb77715\"><style>.stk-bb77715 .stk-block-card__image{height:336px !important;}<\/style><div class=\"stk--no-padding stk-container stk-bb77715-container stk-hover-parent\"><figure class=\"stk-block-card__image stk-img-wrapper stk-image--shape-stretch\"><img loading=\"lazy\" decoding=\"async\" class=\"stk-img wp-image-3276\" src=\"https:\/\/www.iscap.pt\/conferencias\/XI-EDICIC25\/wp-content\/uploads\/2025\/07\/FOTO-PROFA-ZENY-DUARTE-1-2.jpg\" width=\"399\" height=\"400\" alt=\"Zeny Duarte\" srcset=\"https:\/\/www.iscap.pt\/conferencias\/XI-EDICIC25\/wp-content\/uploads\/2025\/07\/FOTO-PROFA-ZENY-DUARTE-1-2.jpg 399w, https:\/\/www.iscap.pt\/conferencias\/XI-EDICIC25\/wp-content\/uploads\/2025\/07\/FOTO-PROFA-ZENY-DUARTE-1-2-300x300.jpg 300w, https:\/\/www.iscap.pt\/conferencias\/XI-EDICIC25\/wp-content\/uploads\/2025\/07\/FOTO-PROFA-ZENY-DUARTE-1-2-150x150.jpg 150w\" sizes=\"auto, (max-width: 399px) 100vw, 399px\" \/><\/figure><div class=\"stk-container-padding stk-block-card__content\"><div class=\"stk-block-content stk-inner-blocks stk-bb77715-inner-blocks\">\n<div class=\"wp-block-stackable-heading stk-block-heading stk-block-heading--v2 stk-block stk-aa5b1c5\" id=\"zeny-duarte-de-miranda\" data-block-id=\"aa5b1c5\"><h2 class=\"stk-block-heading__text\">Zeny Duarte de Miranda<\/h2><\/div>\n\n\n\n<div class=\"wp-block-stackable-subtitle stk-block-subtitle stk-block stk-324f402\" data-block-id=\"324f402\"><style>.stk-324f402 .stk-block-subtitle__text{font-size:18px !important;color:#000000c7 !important;}@media screen and (max-width:999px){.stk-324f402 .stk-block-subtitle__text{font-size:18px !important;}}<\/style><p class=\"stk-block-subtitle__text stk-subtitle has-text-color\"><strong>Profesora titular de la Universidad Federal de Bah\u00eda (UFBA)<\/strong><\/p><\/div>\n\n\n\n<div class=\"wp-block-stackable-expand stk-block-expand stk-block stk-f7f90ba\" data-block-id=\"f7f90ba\"><div class=\"stk-inner-blocks stk-block-content\">\n<div class=\"wp-block-stackable-button stk-block-button stk-block-expand__show-button stk-block stk-29f862d\" data-block-id=\"29f862d\"><style>.stk-29f862d .stk-button{background:#3b3737 !important;}<\/style><a aria-hidden=\"false\" role=\"button\" aria-expanded=\"false\" class=\"stk-link stk-button stk--hover-effect-darken\" href=\"#\"><span class=\"stk-button__inner-text\">Ver m\u00e1s<\/span><\/a><\/div>\n\n\n\n<div class=\"wp-block-stackable-text stk-block-text stk-block stk-f4a05e4 stk-block-expand__more-text\" aria-hidden=\"true\" data-block-id=\"f4a05e4\"><p class=\"stk-block-text__text has-text-align-justify\">Profesora titular de la Universidad Federal de Bah\u00eda (UFBA), vinculada al Programa de Posgrado en Ciencias de la Informaci\u00f3n (PPGCI), en los niveles de maestr\u00eda y doctorado. Tambi\u00e9n trabaja en Educaci\u00f3n a Distancia, por la Superintendencia de Educaci\u00f3n a Distancia de la UFBA (UFBA\/CAPES). Doctora en Letras, con especializaci\u00f3n en Literatura y Cultura (UFBA), y posdoctorada en Ciencias de la Informaci\u00f3n con especializaci\u00f3n en Plataformas Digitales por la Universidad de Oporto, con una beca de la Fundaci\u00f3n para la Ciencia y la Tecnolog\u00eda (FCT\/Portugal).<br>Es investigadora del Centro de Investigaci\u00f3n Transdisciplinar Cultura, Espacio y Memoria (CITCEM) de la Universidad de Oporto. Participa en jurados acad\u00e9micos y comisiones de evaluaci\u00f3n, adem\u00e1s de actuar como revisora cient\u00edfica de revistas y eventos nacionales e internacionales. Cuenta con una amplia producci\u00f3n intelectual, con libros, cap\u00edtulos, art\u00edculos y otras publicaciones acad\u00e9micas.<br>Conferenciante nacional e internacional, es organizadora de eventos cient\u00edficos y consultora ad hoc en comisiones cient\u00edficas y tecnol\u00f3gicas. Dirige tesis doctorales, disertaciones de m\u00e1ster, monograf\u00edas de grado y trabajos de cursos lato sensu.<br>Su formaci\u00f3n interdisciplinaria abarca Letras, Literatura y Cultura, Biblioteconom\u00eda, Documentaci\u00f3n, Archiv\u00edstica, Archiv\u00edstica Francesa, Preservaci\u00f3n, Conservaci\u00f3n y Restauraci\u00f3n de Documentos. Act\u00faa con \u00e9nfasis en estudios e investigaciones sobre Humanidades, Cultura, Memoria, Identidad, Patrimonio y Plataformas Digitales.<\/p><\/div>\n\n\n\n<div class=\"wp-block-stackable-button stk-block-button stk-block-expand__hide-button is-style-ghost stk-block stk-52153bd\" data-block-id=\"52153bd\"><style>.stk-52153bd .stk-button{background:transparent !important;}.stk-52153bd .stk-button:hover:after{background:transparent !important;opacity:1 !important;}:where(.stk-hover-parent:hover,  .stk-hover-parent.stk--is-hovered) .stk-52153bd .stk-button:after{background:transparent !important;opacity:1 !important;}.stk-52153bd .stk-button:before{border-style:solid !important;border-color:#3b3737 !important;}.stk-52153bd .stk-button__inner-text{color:#3b3737 !important;}<\/style><a aria-hidden=\"true\" role=\"button\" aria-expanded=\"true\" class=\"stk-link stk-button stk--hover-effect-darken\" href=\"#\"><span class=\"has-text-color stk-button__inner-text\">Ver menos<\/span><\/a><\/div>\n<\/div><\/div>\n<\/div><\/div><\/div><\/div>\n<\/div>\n\n\n\n<div class=\"wp-block-column is-layout-flow wp-block-column-is-layout-flow\"><\/div>\n\n\n\n<div class=\"wp-block-column is-layout-flow wp-block-column-is-layout-flow\"><\/div>\n<\/div>\n\n\n\n\n\n<p><\/p>\n","protected":false},"excerpt":{"rendered":"<p>Sesi\u00f3n Inaugural Jorge Revez Subdirector de la Facultad de Letras de la Universidad de Lisboa y Profesor Adjunto del Programa de Ciencias de la Informaci\u00f3n y la Documentaci\u00f3n Ver m\u00e1s Es Doctor en Ciencias de la Informaci\u00f3n (Universidad de Coimbra), con una tesis sobre la relaci\u00f3n entre bibliotecas e investigadores, Licenciado en Historia, M\u00e1ster en [&hellip;]<\/p>\n","protected":false},"author":1,"featured_media":0,"parent":0,"menu_order":0,"comment_status":"closed","ping_status":"closed","template":"","meta":{"footnotes":""},"class_list":["post-2804","page","type-page","status-publish","hentry"],"blocksy_meta":[],"yoast_head":"<!-- This site is optimized with the Yoast SEO plugin v27.1.1 - https:\/\/yoast.com\/product\/yoast-seo-wordpress\/ -->\n<title>Oradores - XI EDICIC Ib\u00e9rico 2025<\/title>\n<meta name=\"robots\" content=\"index, follow, max-snippet:-1, max-image-preview:large, max-video-preview:-1\" \/>\n<link rel=\"canonical\" href=\"https:\/\/www.iscap.pt\/conferencias\/XI-EDICIC25\/es\/oradores\/\" \/>\n<meta property=\"og:locale\" content=\"pt_PT\" \/>\n<meta property=\"og:type\" content=\"article\" \/>\n<meta property=\"og:title\" content=\"Oradores - XI EDICIC Ib\u00e9rico 2025\" \/>\n<meta property=\"og:description\" content=\"Sesi\u00f3n Inaugural Jorge Revez Subdirector de la Facultad de Letras de la Universidad de Lisboa y Profesor Adjunto del Programa de Ciencias de la Informaci\u00f3n y la Documentaci\u00f3n Ver m\u00e1s Es Doctor en Ciencias de la Informaci\u00f3n (Universidad de Coimbra), con una tesis sobre la relaci\u00f3n entre bibliotecas e investigadores, Licenciado en Historia, M\u00e1ster en [&hellip;]\" \/>\n<meta property=\"og:url\" content=\"https:\/\/www.iscap.pt\/conferencias\/XI-EDICIC25\/es\/oradores\/\" \/>\n<meta property=\"og:site_name\" content=\"XI EDICIC Ib\u00e9rico 2025\" \/>\n<meta property=\"article:publisher\" content=\"https:\/\/www.facebook.com\/EdicicOficial\" \/>\n<meta property=\"article:modified_time\" content=\"2025-11-09T17:13:26+00:00\" \/>\n<meta property=\"og:image\" content=\"https:\/\/www.iscap.pt\/conferencias\/XI-EDICIC25\/wp-content\/uploads\/2025\/03\/Foto_-Jorge-Revez2.jpg\" \/>\n\t<meta property=\"og:image:width\" content=\"1967\" \/>\n\t<meta property=\"og:image:height\" content=\"1874\" \/>\n\t<meta property=\"og:image:type\" content=\"image\/jpeg\" \/>\n<meta name=\"twitter:card\" content=\"summary_large_image\" \/>\n<meta name=\"twitter:site\" content=\"@EDICIC_OFICIAL\" \/>\n<meta name=\"twitter:label1\" content=\"Est. reading time\" \/>\n\t<meta name=\"twitter:data1\" content=\"22 minutos\" \/>\n<script type=\"application\/ld+json\" class=\"yoast-schema-graph\">{\"@context\":\"https:\/\/schema.org\",\"@graph\":[{\"@type\":\"WebPage\",\"@id\":\"https:\/\/www.iscap.pt\/conferencias\/XI-EDICIC25\/es\/oradores\/\",\"url\":\"https:\/\/www.iscap.pt\/conferencias\/XI-EDICIC25\/es\/oradores\/\",\"name\":\"Oradores - XI EDICIC Ib\u00e9rico 2025\",\"isPartOf\":{\"@id\":\"https:\/\/www.iscap.pt\/conferencias\/XI-EDICIC25\/#website\"},\"primaryImageOfPage\":{\"@id\":\"https:\/\/www.iscap.pt\/conferencias\/XI-EDICIC25\/es\/oradores\/#primaryimage\"},\"image\":{\"@id\":\"https:\/\/www.iscap.pt\/conferencias\/XI-EDICIC25\/es\/oradores\/#primaryimage\"},\"thumbnailUrl\":\"https:\/\/www.iscap.pt\/conferencias\/XI-EDICIC25\/wp-content\/uploads\/2025\/03\/Foto_-Jorge-Revez2.jpg\",\"datePublished\":\"2025-03-19T00:10:08+00:00\",\"dateModified\":\"2025-11-09T17:13:26+00:00\",\"breadcrumb\":{\"@id\":\"https:\/\/www.iscap.pt\/conferencias\/XI-EDICIC25\/es\/oradores\/#breadcrumb\"},\"inLanguage\":\"pt-PT\",\"potentialAction\":[{\"@type\":\"ReadAction\",\"target\":[\"https:\/\/www.iscap.pt\/conferencias\/XI-EDICIC25\/es\/oradores\/\"]}]},{\"@type\":\"ImageObject\",\"inLanguage\":\"pt-PT\",\"@id\":\"https:\/\/www.iscap.pt\/conferencias\/XI-EDICIC25\/es\/oradores\/#primaryimage\",\"url\":\"https:\/\/www.iscap.pt\/conferencias\/XI-EDICIC25\/wp-content\/uploads\/2025\/03\/Foto_-Jorge-Revez2.jpg\",\"contentUrl\":\"https:\/\/www.iscap.pt\/conferencias\/XI-EDICIC25\/wp-content\/uploads\/2025\/03\/Foto_-Jorge-Revez2.jpg\",\"width\":1967,\"height\":1874,\"caption\":\"Jorge Revez\"},{\"@type\":\"BreadcrumbList\",\"@id\":\"https:\/\/www.iscap.pt\/conferencias\/XI-EDICIC25\/es\/oradores\/#breadcrumb\",\"itemListElement\":[{\"@type\":\"ListItem\",\"position\":1,\"name\":\"In\u00edcio\",\"item\":\"https:\/\/www.iscap.pt\/conferencias\/XI-EDICIC25\/\"},{\"@type\":\"ListItem\",\"position\":2,\"name\":\"Oradores\"}]},{\"@type\":\"WebSite\",\"@id\":\"https:\/\/www.iscap.pt\/conferencias\/XI-EDICIC25\/#website\",\"url\":\"https:\/\/www.iscap.pt\/conferencias\/XI-EDICIC25\/\",\"name\":\"XI EDICIC Ib\u00e9rico 2025\",\"description\":\"XI Encontro EDICIC Ib\u00e9rico, P. Porto\/ISCAP, novembro 2025\",\"publisher\":{\"@id\":\"https:\/\/www.iscap.pt\/conferencias\/XI-EDICIC25\/#organization\"},\"potentialAction\":[{\"@type\":\"SearchAction\",\"target\":{\"@type\":\"EntryPoint\",\"urlTemplate\":\"https:\/\/www.iscap.pt\/conferencias\/XI-EDICIC25\/?s={search_term_string}\"},\"query-input\":{\"@type\":\"PropertyValueSpecification\",\"valueRequired\":true,\"valueName\":\"search_term_string\"}}],\"inLanguage\":\"pt-PT\"},{\"@type\":\"Organization\",\"@id\":\"https:\/\/www.iscap.pt\/conferencias\/XI-EDICIC25\/#organization\",\"name\":\"XI EDICIC Ib\u00e9rico 2025\",\"url\":\"https:\/\/www.iscap.pt\/conferencias\/XI-EDICIC25\/\",\"logo\":{\"@type\":\"ImageObject\",\"inLanguage\":\"pt-PT\",\"@id\":\"https:\/\/www.iscap.pt\/conferencias\/XI-EDICIC25\/#\/schema\/logo\/image\/\",\"url\":\"https:\/\/www.iscap.pt\/conferencias\/XI-EDICIC25\/wp-content\/uploads\/2025\/02\/XIEnancib-HOR-1.png\",\"contentUrl\":\"https:\/\/www.iscap.pt\/conferencias\/XI-EDICIC25\/wp-content\/uploads\/2025\/02\/XIEnancib-HOR-1.png\",\"width\":1012,\"height\":314,\"caption\":\"XI EDICIC Ib\u00e9rico 2025\"},\"image\":{\"@id\":\"https:\/\/www.iscap.pt\/conferencias\/XI-EDICIC25\/#\/schema\/logo\/image\/\"},\"sameAs\":[\"https:\/\/www.facebook.com\/EdicicOficial\",\"https:\/\/x.com\/EDICIC_OFICIAL\",\"https:\/\/www.instagram.com\/edicic_oficial\/\",\"https:\/\/www.youtube.com\/channel\/UCUNOuC9ud2za30O6yRJTNQQ\"]}]}<\/script>\n<!-- \/ Yoast SEO plugin. -->","yoast_head_json":{"title":"Oradores - XI EDICIC Ib\u00e9rico 2025","robots":{"index":"index","follow":"follow","max-snippet":"max-snippet:-1","max-image-preview":"max-image-preview:large","max-video-preview":"max-video-preview:-1"},"canonical":"https:\/\/www.iscap.pt\/conferencias\/XI-EDICIC25\/es\/oradores\/","og_locale":"pt_PT","og_type":"article","og_title":"Oradores - XI EDICIC Ib\u00e9rico 2025","og_description":"Sesi\u00f3n Inaugural Jorge Revez Subdirector de la Facultad de Letras de la Universidad de Lisboa y Profesor Adjunto del Programa de Ciencias de la Informaci\u00f3n y la Documentaci\u00f3n Ver m\u00e1s Es Doctor en Ciencias de la Informaci\u00f3n (Universidad de Coimbra), con una tesis sobre la relaci\u00f3n entre bibliotecas e investigadores, Licenciado en Historia, M\u00e1ster en [&hellip;]","og_url":"https:\/\/www.iscap.pt\/conferencias\/XI-EDICIC25\/es\/oradores\/","og_site_name":"XI EDICIC Ib\u00e9rico 2025","article_publisher":"https:\/\/www.facebook.com\/EdicicOficial","article_modified_time":"2025-11-09T17:13:26+00:00","og_image":[{"width":1967,"height":1874,"url":"https:\/\/www.iscap.pt\/conferencias\/XI-EDICIC25\/wp-content\/uploads\/2025\/03\/Foto_-Jorge-Revez2.jpg","type":"image\/jpeg"}],"twitter_card":"summary_large_image","twitter_site":"@EDICIC_OFICIAL","twitter_misc":{"Est. reading time":"22 minutos"},"schema":{"@context":"https:\/\/schema.org","@graph":[{"@type":"WebPage","@id":"https:\/\/www.iscap.pt\/conferencias\/XI-EDICIC25\/es\/oradores\/","url":"https:\/\/www.iscap.pt\/conferencias\/XI-EDICIC25\/es\/oradores\/","name":"Oradores - XI EDICIC Ib\u00e9rico 2025","isPartOf":{"@id":"https:\/\/www.iscap.pt\/conferencias\/XI-EDICIC25\/#website"},"primaryImageOfPage":{"@id":"https:\/\/www.iscap.pt\/conferencias\/XI-EDICIC25\/es\/oradores\/#primaryimage"},"image":{"@id":"https:\/\/www.iscap.pt\/conferencias\/XI-EDICIC25\/es\/oradores\/#primaryimage"},"thumbnailUrl":"https:\/\/www.iscap.pt\/conferencias\/XI-EDICIC25\/wp-content\/uploads\/2025\/03\/Foto_-Jorge-Revez2.jpg","datePublished":"2025-03-19T00:10:08+00:00","dateModified":"2025-11-09T17:13:26+00:00","breadcrumb":{"@id":"https:\/\/www.iscap.pt\/conferencias\/XI-EDICIC25\/es\/oradores\/#breadcrumb"},"inLanguage":"pt-PT","potentialAction":[{"@type":"ReadAction","target":["https:\/\/www.iscap.pt\/conferencias\/XI-EDICIC25\/es\/oradores\/"]}]},{"@type":"ImageObject","inLanguage":"pt-PT","@id":"https:\/\/www.iscap.pt\/conferencias\/XI-EDICIC25\/es\/oradores\/#primaryimage","url":"https:\/\/www.iscap.pt\/conferencias\/XI-EDICIC25\/wp-content\/uploads\/2025\/03\/Foto_-Jorge-Revez2.jpg","contentUrl":"https:\/\/www.iscap.pt\/conferencias\/XI-EDICIC25\/wp-content\/uploads\/2025\/03\/Foto_-Jorge-Revez2.jpg","width":1967,"height":1874,"caption":"Jorge Revez"},{"@type":"BreadcrumbList","@id":"https:\/\/www.iscap.pt\/conferencias\/XI-EDICIC25\/es\/oradores\/#breadcrumb","itemListElement":[{"@type":"ListItem","position":1,"name":"In\u00edcio","item":"https:\/\/www.iscap.pt\/conferencias\/XI-EDICIC25\/"},{"@type":"ListItem","position":2,"name":"Oradores"}]},{"@type":"WebSite","@id":"https:\/\/www.iscap.pt\/conferencias\/XI-EDICIC25\/#website","url":"https:\/\/www.iscap.pt\/conferencias\/XI-EDICIC25\/","name":"XI EDICIC Ib\u00e9rico 2025","description":"XI Encontro EDICIC Ib\u00e9rico, P. Porto\/ISCAP, novembro 2025","publisher":{"@id":"https:\/\/www.iscap.pt\/conferencias\/XI-EDICIC25\/#organization"},"potentialAction":[{"@type":"SearchAction","target":{"@type":"EntryPoint","urlTemplate":"https:\/\/www.iscap.pt\/conferencias\/XI-EDICIC25\/?s={search_term_string}"},"query-input":{"@type":"PropertyValueSpecification","valueRequired":true,"valueName":"search_term_string"}}],"inLanguage":"pt-PT"},{"@type":"Organization","@id":"https:\/\/www.iscap.pt\/conferencias\/XI-EDICIC25\/#organization","name":"XI EDICIC Ib\u00e9rico 2025","url":"https:\/\/www.iscap.pt\/conferencias\/XI-EDICIC25\/","logo":{"@type":"ImageObject","inLanguage":"pt-PT","@id":"https:\/\/www.iscap.pt\/conferencias\/XI-EDICIC25\/#\/schema\/logo\/image\/","url":"https:\/\/www.iscap.pt\/conferencias\/XI-EDICIC25\/wp-content\/uploads\/2025\/02\/XIEnancib-HOR-1.png","contentUrl":"https:\/\/www.iscap.pt\/conferencias\/XI-EDICIC25\/wp-content\/uploads\/2025\/02\/XIEnancib-HOR-1.png","width":1012,"height":314,"caption":"XI EDICIC Ib\u00e9rico 2025"},"image":{"@id":"https:\/\/www.iscap.pt\/conferencias\/XI-EDICIC25\/#\/schema\/logo\/image\/"},"sameAs":["https:\/\/www.facebook.com\/EdicicOficial","https:\/\/x.com\/EDICIC_OFICIAL","https:\/\/www.instagram.com\/edicic_oficial\/","https:\/\/www.youtube.com\/channel\/UCUNOuC9ud2za30O6yRJTNQQ"]}]}},"_links":{"self":[{"href":"https:\/\/www.iscap.pt\/conferencias\/XI-EDICIC25\/wp-json\/wp\/v2\/pages\/2804","targetHints":{"allow":["GET"]}}],"collection":[{"href":"https:\/\/www.iscap.pt\/conferencias\/XI-EDICIC25\/wp-json\/wp\/v2\/pages"}],"about":[{"href":"https:\/\/www.iscap.pt\/conferencias\/XI-EDICIC25\/wp-json\/wp\/v2\/types\/page"}],"author":[{"embeddable":true,"href":"https:\/\/www.iscap.pt\/conferencias\/XI-EDICIC25\/wp-json\/wp\/v2\/users\/1"}],"replies":[{"embeddable":true,"href":"https:\/\/www.iscap.pt\/conferencias\/XI-EDICIC25\/wp-json\/wp\/v2\/comments?post=2804"}],"version-history":[{"count":89,"href":"https:\/\/www.iscap.pt\/conferencias\/XI-EDICIC25\/wp-json\/wp\/v2\/pages\/2804\/revisions"}],"predecessor-version":[{"id":3520,"href":"https:\/\/www.iscap.pt\/conferencias\/XI-EDICIC25\/wp-json\/wp\/v2\/pages\/2804\/revisions\/3520"}],"wp:attachment":[{"href":"https:\/\/www.iscap.pt\/conferencias\/XI-EDICIC25\/wp-json\/wp\/v2\/media?parent=2804"}],"curies":[{"name":"wp","href":"https:\/\/api.w.org\/{rel}","templated":true}]}}